{"id":1750,"date":"2021-01-12T16:35:51","date_gmt":"2021-01-12T16:35:51","guid":{"rendered":"https:\/\/mauricicot.com\/?page_id=1750"},"modified":"2026-08-06T15:46:52","modified_gmt":"2026-08-06T13:46:52","slug":"inici","status":"publish","type":"page","link":"https:\/\/mauricicot.com\/es\/","title":{"rendered":"Inicio"},"content":{"rendered":"<p>[et_pb_section fb_built=\u00bb1&#8243; _builder_version=\u00bb4.16&#8243; background_color=\u00bb#f9f7f4&#8243; global_colors_info=\u00bb{}\u00bb][et_pb_row column_structure=\u00bb1_2,1_2&#8243; module_id=\u00bbbanner\u00bb _builder_version=\u00bb4.16&#8243; global_colors_info=\u00bb{}\u00bb][et_pb_column type=\u00bb1_2&#8243; _builder_version=\u00bb4.16&#8243; custom_padding=\u00bb|||\u00bb global_colors_info=\u00bb{}\u00bb custom_padding__hover=\u00bb|||\u00bb][et_pb_text admin_label=\u00bbbenvinguts\u00bb _builder_version=\u00bb4.16&#8243; header_2_font_size=\u00bb52px\u00bb text_font_size_tablet=\u00bb\u00bb text_font_size_phone=\u00bb\u00bb text_font_size_last_edited=\u00bbon|phone\u00bb header_2_font_size_tablet=\u00bb42px\u00bb header_2_font_size_phone=\u00bb38px\u00bb header_2_font_size_last_edited=\u00bbon|phone\u00bb global_colors_info=\u00bb{}\u00bb]<\/p>\n<h2 class=\"banner-title\" style=\"font-family: rufina-bold;\">Pasteler\u00eda inclusiva para compartir en familia.<\/h2>\n<div style=\"font-size: 20px; color: #cfa789; font-family: 'poppins-regular';\"><\/div>\n<p>[\/et_pb_text][\/et_pb_column][et_pb_column type=\u00bb1_2&#8243; _builder_version=\u00bb4.16&#8243; custom_padding=\u00bb|||\u00bb global_colors_info=\u00bb{}\u00bb custom_padding__hover=\u00bb|||\u00bb][et_pb_text admin_label=\u00bbImagen\u00bb _builder_version=\u00bb4.27.7&#8243; hover_enabled=\u00bb0&#8243; global_colors_info=\u00bb{}\u00bb sticky_enabled=\u00bb0&#8243;]<\/p>\n\n<p>[\/et_pb_text][\/et_pb_column][\/et_pb_row][\/et_pb_section][et_pb_section fb_built=\u00bb1&#8243; _builder_version=\u00bb4.16&#8243; custom_padding=\u00bb0px||0px|\u00bb global_colors_info=\u00bb{}\u00bb][et_pb_row column_structure=\u00bb1_2,1_2&#8243; module_id=\u00bbvideo-texto\u00bb _builder_version=\u00bb4.16&#8243; max_width=\u00bb80%\u00bb use_custom_width=\u00bbon\u00bb width_unit=\u00bboff\u00bb global_colors_info=\u00bb{}\u00bb][et_pb_column type=\u00bb1_2&#8243; _builder_version=\u00bb4.16&#8243; custom_padding=\u00bb|||\u00bb global_colors_info=\u00bb{}\u00bb custom_padding__hover=\u00bb|||\u00bb][et_pb_text admin_label=\u00bb_I ARA TAMB\u00c9\u00bb module_id=\u00bbpasos-compra\u00bb _builder_version=\u00bb4.27.4&#8243; custom_padding=\u00bb20px|50px|10px|20px|false|false\u00bb global_colors_info=\u00bb{}\u00bb]<\/p>\n<h2 style=\"margin: 0px; color: #cfa789; font-family: 'poppins-regular';\">_AHORA TAMBI\u00c9N&#8230;<\/h2>\n<div style=\"font-size: 34px; font-family: 'rufina-bold'; line-height: 34px;\">pan artesano hecho por nosotros!<\/div>\n<p>&nbsp;<\/p>\n<div style=\"font-family: 'poppins-regular';\">\n<p data-start=\"212\" data-end=\"441\"><strong data-start=\"212\" data-end=\"282\">Nuestro pan es 100\u202f% natural: sin aditivos ni mejorantes panarios.<\/strong><br data-start=\"282\" data-end=\"285\" \/>Lo elaboramos con masa madre para conseguir un pan m\u00e1s arom\u00e1tico, m\u00e1s digestivo, con un \u00edndice gluc\u00e9mico m\u00e1s bajo y que se conserva fresco durante m\u00e1s d\u00edas.<\/p>\n<p data-start=\"443\" data-end=\"755\">Utilizamos harinas naturales de trigo sarraceno, arroz, ma\u00edz y tapioca. Con ellas elaboramos cuatro tipos de masa:<br data-start=\"559\" data-end=\"562\" \/>\u2014 Pan de trigo sarraceno<br data-start=\"586\" data-end=\"589\" \/>\u2014 Pan de arroz<br data-start=\"603\" data-end=\"606\" \/>\u2014 Pan semi, con mezcla de trigo sarraceno, arroz, ma\u00edz y tapioca<br data-start=\"661\" data-end=\"664\" \/>\u2014 Pan de semillas, con las tres harinas, legumbres y semillas de girasol, calabaza y s\u00e9samo<\/p>\n<p data-start=\"757\" data-end=\"920\">En el apartado \u201c+ detalles del producto\u201d encontrar\u00e1s toda la informaci\u00f3n sobre los ingredientes, c\u00f3mo conservarlo y c\u00f3mo regenerarlo en la tostadora o en el horno.<\/p>\n<\/div>\n<p>&nbsp;<\/p>\n<div><img loading=\"lazy\" decoding=\"async\" src=\"https:\/\/mauricicot.com\/wp-content\/uploads\/2021\/09\/rodo_arros_web_tall.jpg\" alt=\"\" width=\"600\" height=\"400\" \/><\/div>\n<p>&nbsp;<\/p>\n<div style=\"font-family: 'poppins-regular';\"><strong>C\u00f3mo hacer tu pedido<\/strong><\/div>\n<div style=\"font-family: 'poppins-regular';\">1. Haz tu pedido antes del martes a las 14 h.<\/div>\n<div style=\"font-family: 'poppins-regular';\">2. Los mi\u00e9rcoles por la ma\u00f1ana horneamos y cortamos el pan. Por la tarde lo mandamos con MRW.<\/div>\n<div style=\"font-family: 'poppins-regular';\">3. El jueves lo recibir\u00e1s en casa.<\/div>\n<div style=\"font-family: 'poppins-regular';\">4. Si haces tu pedido despu\u00e9s de las 14 h del martes, lo recibir\u00e1s el jueves de la siguiente semana.<\/div>\n<div style=\"font-family: 'poppins-regular';\">5. Si prefieres pasar a recoger el pan por el obrador, ll\u00e1manos o env\u00edanos un Whatsapp y podr\u00e1s recogerlo el viernes.<\/div>\n<p>[\/et_pb_text][\/et_pb_column][et_pb_column type=\u00bb1_2&#8243; _builder_version=\u00bb4.16&#8243; custom_padding=\u00bb|||\u00bb global_colors_info=\u00bb{}\u00bb custom_padding__hover=\u00bb|||\u00bb][et_pb_text admin_label=\u00bb_PASTISSERIA I POSTRES\u00bb module_id=\u00bbpastiseria-postres\u00bb _builder_version=\u00bb4.16&#8243; custom_padding=\u00bb20px|50px|10px|20px|false|false\u00bb global_colors_info=\u00bb{}\u00bb]<\/p>\n<h2 style=\"margin: 0px; color: #cfa789; font-family: 'poppins-regular';\">_PASTELER\u00cdA Y POSTRES<\/h2>\n<div style=\"font-size: 34px; font-family: 'rufina-bold'; line-height: 34px;\">sin gluten y sin lactosa<\/div>\n<p>&nbsp;<\/p>\n<div style=\"font-family: 'poppins-regular';\">Somos una empresa familiar con un equipo de profesionales dedicados a atender a personas que, debido a la mala absorci\u00f3n del gluten o a una intolerancia a la lactosa, no pueden consumir productos que est\u00e1n presentes el d\u00eda a d\u00eda en nuestra alimentaci\u00f3n.<\/div>\n<div style=\"font-family: 'poppins-regular';\">Conscientes de estos nuevos cambios en la dieta, queremos que el cliente pueda disfrutar de los mismos productos que nos rodean sin la preocupaci\u00f3n de ver afectado su propio organismo. Queremos cubrir \u00e9sta necesidad, dando el mejor servicio y la mejor garant\u00eda a nuestro cliente. Tenemos un obrador 100% libre de gluten y de lactosa, incluso en las trazas. <strong>Garantimos un producto sin contaminaci\u00f3n cruzada.<\/strong><\/div>\n<p>[\/et_pb_text][et_pb_text admin_label=\u00bb_COM FER LA TEVA COMANDA\u00bb module_id=\u00bbpastiseria-postres\u00bb _builder_version=\u00bb4.17.6&#8243; custom_padding=\u00bb20px|50px|10px|20px|false|false\u00bb locked=\u00bboff\u00bb global_colors_info=\u00bb{}\u00bb]<\/p>\n<h2 style=\"margin: 0px; color: #cfa789; font-family: 'poppins-regular';\">_SABES C\u00d3MO HACER&#8230;<\/h2>\n<div style=\"font-size: 34px; font-family: 'rufina-bold'; line-height: 34px;\">tu pedido online?<\/div>\n<p>&nbsp;<\/p>\n<div style=\"font-family: 'poppins-regular';\">Todos los art\u00edculos se pueden comprar online y recoger al obrador de Llinars del Vall\u00e8s. Pero no todos se pueden enviar a domicilio. <strong>S\u00f3lo se pueden enviar los productos que disponen del icono de transporte remarcado<\/strong>.<\/div>\n<div style=\"font-family: 'poppins-regular';\">1. Desde la carpeta de productos busca tus elaboraciones preferidas y a\u00f1\u00e1delas a la cesta, escogiendo entre las diversas opciones de que dispone cada art\u00edculo; cantidad y formato en el caso de los pasteles.<\/div>\n<div style=\"font-family: 'poppins-regular';\">2. Selecciona la opci\u00f3n de recogida en tienda o env\u00edo (s\u00f3lo si todos los productos se pueden enviar a domicilio).<\/div>\n<div style=\"font-family: 'poppins-regular';\">3. Confirma tu pedido seleccionando el m\u00e9todo de pago.<\/div>\n<div style=\"font-family: 'poppins-regular';\">4. Si seleccionas la opci\u00f3n de recogida en tienda, puedes pasar a recoger el pedido a partir del segundo d\u00eda de hacer el pedido, siempre en horario comercial.<\/div>\n<div style=\"font-family: 'poppins-regular';\">5. Solo se entrega el pan a domicilio los jueves. Mira el art\u00edculo anterior sobre el pan para saber c\u00f3mo realizar tu pedido.<\/div>\n<div style=\"font-family: 'poppins-regular';\">Env\u00edos a Pen\u00ednsula y Portugal. Para env\u00edos a Baleares, Canarias y Andorra contacta con nosotros por email.<\/div>\n<p>[\/et_pb_text][\/et_pb_column][\/et_pb_row][et_pb_row module_id=\u00bbpanallets\u00bb _builder_version=\u00bb4.16&#8243; background_image=\u00bbhttps:\/\/mauricicot.com\/wp-content\/uploads\/2021\/03\/lioneses_home.jpg\u00bb width=\u00bb100%\u00bb max_width=\u00bb100%\u00bb custom_margin=\u00bb||0px|\u00bb custom_padding=\u00bb0px||0px|\u00bb use_custom_width=\u00bbon\u00bb width_unit=\u00bboff\u00bb custom_width_percent=\u00bb100%\u00bb global_colors_info=\u00bb{}\u00bb][et_pb_column type=\u00bb4_4&#8243; _builder_version=\u00bb4.16&#8243; custom_padding=\u00bb|||\u00bb global_colors_info=\u00bb{}\u00bb custom_padding__hover=\u00bb|||\u00bb][et_pb_text admin_label=\u00bbEL NOSTRE COMPROM\u00cdS \u00c9S LA RA\u00d3 DE SER\u00bb module_id=\u00bbcompromis\u00bb _builder_version=\u00bb4.16&#8243; global_colors_info=\u00bb{}\u00bb]<\/p>\n<p style=\"text-align: center; color: #cfa789; font-size: 25px; font-family: 'poppins-bold';\"><strong>NUESTRO COMPROMISO ES LA RAZ\u00d3N DE SER<\/strong><\/p>\n<p style=\"text-align: center; color: #ffffff; font-family: 'rufina-regular'; font-size: 22px;\"><strong>Entendemos y damos a conocer este nuevo concepto de pasteler\u00eda libre de gluten y lactosa<\/strong><\/p>\n<p style=\"text-align: center; color: #ffffff; font-family: 'rufina-regular'; font-size: 22px;\"><strong>Y lo hacemos para que tu deseo se haga realidad<\/strong><\/p>\n<p>[\/et_pb_text][\/et_pb_column][\/et_pb_row][et_pb_row _builder_version=\u00bb4.16&#8243; custom_padding=\u00bb||0px|\u00bb global_colors_info=\u00bb{}\u00bb][et_pb_column type=\u00bb4_4&#8243; _builder_version=\u00bb4.16&#8243; custom_padding=\u00bb|||\u00bb global_colors_info=\u00bb{}\u00bb custom_padding__hover=\u00bb|||\u00bb][et_pb_text admin_label=\u00bbQu\u00e8 oferim?\u00bb _builder_version=\u00bb4.16&#8243; global_colors_info=\u00bb{}\u00bb]<\/p>\n<h2 style=\"text-align: center; font-family: 'rufina-bold';\">\u00bfQu\u00e9 ofrecemos?<\/h2>\n<p>&nbsp;<\/p>\n<p>&nbsp;<br \/>\n[\/et_pb_text][\/et_pb_column][\/et_pb_row][et_pb_row column_structure=\u00bb1_2,1_2&#8243; _builder_version=\u00bb4.16&#8243; custom_padding=\u00bb0px|||\u00bb global_colors_info=\u00bb{}\u00bb][et_pb_column type=\u00bb1_2&#8243; _builder_version=\u00bb4.16&#8243; custom_padding=\u00bb|||\u00bb global_colors_info=\u00bb{}\u00bb custom_padding__hover=\u00bb|||\u00bb][et_pb_text disabled_on=\u00bbon|on|on\u00bb admin_label=\u00bbIMG Nadal 2020&#8243; module_class=\u00bbimg-redondas\u00bb _builder_version=\u00bb4.16&#8243; disabled=\u00bbon\u00bb global_colors_info=\u00bb{}\u00bb]<a href=\"https:\/\/mauricicot.com\/es\/?page_id=2092\"><img loading=\"lazy\" decoding=\"async\" class=\"aligncenter wp-image-422 size-full\" src=\"https:\/\/mauricicot.com\/wp-content\/uploads\/2020\/10\/nadal_home.jpg\" alt=\"\" width=\"335\" height=\"335\" \/><\/a>[\/et_pb_text][et_pb_text admin_label=\u00bbServeis de restauraci\u00f3\u00bb _builder_version=\u00bb4.16&#8243; global_colors_info=\u00bb{}\u00bb]<\/p>\n<h2 style=\"text-align: center; color: #cfa789; font-family: 'poppins-regular';\">SERVICIOS A RESTAURACI\u00d3N Y EVENTOS<\/h2>\n<p style=\"text-align: left; font-family: 'poppins-regular';\">Distribuimos al sector de la restauraci\u00f3n; hoteles, restaurantes, cafeter\u00edas, c\u00e1terings&#8230; Ofrecemos un amplio abanico de productos para complacer vuestro cliente y garantizamos la ausencia de gluten y de lactosa al 100%.<\/p>\n<p>[\/et_pb_text][et_pb_text disabled_on=\u00bbon|on|on\u00bb admin_label=\u00bbIMG Rebosteria i Brioixeria\u00bb module_class=\u00bbimg-redondas\u00bb _builder_version=\u00bb4.16&#8243; disabled=\u00bbon\u00bb global_colors_info=\u00bb{}\u00bb]<a href=\"https:\/\/mauricicot.com\/rebosteria\/\"><img loading=\"lazy\" decoding=\"async\" class=\"aligncenter wp-image-420 size-full\" src=\"https:\/\/mauricicot.com\/wp-content\/uploads\/2020\/10\/rebosteria_home.jpg\" alt=\"\" width=\"336\" height=\"335\" \/><\/a>[\/et_pb_text][et_pb_text admin_label=\u00bbServei a domicili\u00bb _builder_version=\u00bb4.17.6&#8243; global_colors_info=\u00bb{}\u00bb]<\/p>\n<h2 style=\"text-align: center; color: #cfa789; font-family: 'poppins-regular';\">SERVICIO A DOMICILIO<\/h2>\n<p style=\"text-align: left; font-family: 'poppins-regular';\">Desde la web puedes adquirir nuestras elaboraciones de boller\u00eda y chocolater\u00eda as\u00ed como harinas y otros productos. Puedes hacer tu pedido y una agencia de transporte te la traer\u00e1 a casa. No enviamos pasteles por la fragilidad del producto y porque no podemos garantizar la entrega en perfecto estado.<\/p>\n<p>[\/et_pb_text][\/et_pb_column][et_pb_column type=\u00bb1_2&#8243; _builder_version=\u00bb4.16&#8243; custom_padding=\u00bb|||\u00bb global_colors_info=\u00bb{}\u00bb custom_padding__hover=\u00bb|||\u00bb][et_pb_text disabled_on=\u00bbon|on|on\u00bb admin_label=\u00bbIMG Pastisseria\u00bb module_class=\u00bbimg-redondas\u00bb _builder_version=\u00bb4.16&#8243; disabled=\u00bbon\u00bb global_colors_info=\u00bb{}\u00bb]<a href=\"https:\/\/mauricicot.com\/pastissos-classics\/\"><img loading=\"lazy\" decoding=\"async\" class=\"aligncenter wp-image-421 size-full\" src=\"https:\/\/mauricicot.com\/wp-content\/uploads\/2020\/10\/pastisseria_home.jpg\" alt=\"\" width=\"335\" height=\"335\" \/><\/a>[\/et_pb_text][et_pb_text admin_label=\u00bbBotigues\u00bb _builder_version=\u00bb4.17.6&#8243; global_colors_info=\u00bb{}\u00bb]<\/p>\n<h2 style=\"text-align: center; color: #cfa789; font-family: 'poppins-regular';\">TIENDAS<\/h2>\n<p style=\"text-align: left; font-family: 'poppins-regular';\">Nos pod\u00e9is encontrar en el obrador de Llinars del Vall\u00e8s, donde disponemos de venta al detalle. Recomendamos encargar los pasteles por tel\u00e9fono, aunque normalmente tenemos en stock.<\/p>\n<p>[\/et_pb_text][et_pb_text disabled_on=\u00bbon|on|on\u00bb admin_label=\u00bbIMG Xocolata\u00bb module_class=\u00bbimg-redondas\u00bb _builder_version=\u00bb4.16&#8243; disabled=\u00bbon\u00bb global_colors_info=\u00bb{}\u00bb]<a href=\"https:\/\/mauricicot.com\/es\/chocolate\/\"><img loading=\"lazy\" decoding=\"async\" class=\"aligncenter wp-image-419 size-full\" src=\"https:\/\/mauricicot.com\/wp-content\/uploads\/2020\/10\/xocolata_home.jpg\" alt=\"\" width=\"336\" height=\"335\" \/><\/a>[\/et_pb_text][et_pb_text admin_label=\u00bbAssessorament\u00bb _builder_version=\u00bb4.17.6&#8243; global_colors_info=\u00bb{}\u00bb]<\/p>\n<h2 style=\"text-align: center; color: #cfa789; font-family: 'poppins-regular';\">ASESORAMIENTO T\u00c9CNICO<\/h2>\n<p style=\"text-align: left; font-family: 'poppins-regular';\">Ofrecemos consultor\u00edas para profesionales del sector en t\u00e9cnicas de pasteler\u00eda sin gluten y sin lactosa. Tambi\u00e9n hacemos charlas a escuelas de cocina y pasteler\u00eda para dar a conocer el mundo de la pasteler\u00eda inclusiva y todas las posibilidades que hay en este segmento de negocio.<\/p>\n<p>[\/et_pb_text][\/et_pb_column][\/et_pb_row][et_pb_row module_id=\u00bbenvios-home\u00bb _builder_version=\u00bb4.16&#8243; background_color=\u00bbrgba(0,0,0,0)\u00bb width=\u00bb100%\u00bb max_width=\u00bb100%\u00bb custom_margin=\u00bb||0px|\u00bb custom_padding=\u00bb0px||0px|\u00bb use_custom_width=\u00bbon\u00bb width_unit=\u00bboff\u00bb custom_width_percent=\u00bb100%\u00bb global_colors_info=\u00bb{}\u00bb][et_pb_column type=\u00bb4_4&#8243; _builder_version=\u00bb4.16&#8243; custom_padding=\u00bb|||\u00bb global_colors_info=\u00bb{}\u00bb custom_padding__hover=\u00bb|||\u00bb][et_pb_text disabled_on=\u00bbon|on|off\u00bb admin_label=\u00bbIMG de atenem i venem directament\u00bb _builder_version=\u00bb4.17.6&#8243; custom_padding=\u00bb20px||10px|\u00bb global_colors_info=\u00bb{}\u00bb]<img loading=\"lazy\" decoding=\"async\" class=\"alignnone wp-image-3488 size-full\" src=\"https:\/\/mauricicot.com\/wp-content\/uploads\/2022\/10\/servicio-transporte-catering-sin-gluten-scaled.jpg\" alt=\"\" width=\"2560\" height=\"427\" srcset=\"https:\/\/mauricicot.com\/wp-content\/uploads\/2022\/10\/servicio-transporte-catering-sin-gluten-scaled.jpg 2560w, https:\/\/mauricicot.com\/wp-content\/uploads\/2022\/10\/servicio-transporte-catering-sin-gluten-1280x214.jpg 1280w, https:\/\/mauricicot.com\/wp-content\/uploads\/2022\/10\/servicio-transporte-catering-sin-gluten-980x163.jpg 980w, https:\/\/mauricicot.com\/wp-content\/uploads\/2022\/10\/servicio-transporte-catering-sin-gluten-480x80.jpg 480w\" sizes=\"(min-width: 0px) and (max-width: 480px) 480px, (min-width: 481px) and (max-width: 980px) 980px, (min-width: 981px) and (max-width: 1280px) 1280px, (min-width: 1281px) 2560px, 100vw\" \/><br \/>\n[\/et_pb_text][\/et_pb_column][\/et_pb_row][et_pb_row module_id=\u00bbenvios-home\u00bb _builder_version=\u00bb4.16&#8243; background_color=\u00bb#cfa789&#8243; width=\u00bb100%\u00bb max_width=\u00bb100%\u00bb custom_margin=\u00bb||0px|\u00bb custom_padding=\u00bb0px||0px|\u00bb use_custom_width=\u00bbon\u00bb width_unit=\u00bboff\u00bb custom_width_percent=\u00bb100%\u00bb global_colors_info=\u00bb{}\u00bb][et_pb_column type=\u00bb4_4&#8243; _builder_version=\u00bb4.16&#8243; custom_padding=\u00bb|||\u00bb global_colors_info=\u00bb{}\u00bb custom_padding__hover=\u00bb|||\u00bb][et_pb_text disabled_on=\u00bbon|on|on\u00bb admin_label=\u00bbIMG de atenem i venem directament &#8211; Atenem enc\u00e0rrecs Tienda\u00bb _builder_version=\u00bb4.16&#8243; custom_padding=\u00bb20px||10px|\u00bb disabled=\u00bbon\u00bb global_colors_info=\u00bb{}\u00bb]<img loading=\"lazy\" decoding=\"async\" class=\"aligncenter wp-image-529 size-full\" src=\"https:\/\/mauricicot.com\/wp-content\/uploads\/2021\/04\/imatges_WEB-Maurici-Cot-08.png\" alt=\"\" width=\"4000\" height=\"907\" \/>[\/et_pb_text][et_pb_text disabled_on=\u00bboff|off|on\u00bb admin_label=\u00bbIMG de atenem i venem directament &#8211; Atenem enc\u00e0rrecs Tienda\u00bb _builder_version=\u00bb4.17.6&#8243; custom_padding=\u00bb20px||10px|\u00bb global_colors_info=\u00bb{}\u00bb]<img loading=\"lazy\" decoding=\"async\" class=\"aligncenter wp-image-529 size-full\" src=\"https:\/\/mauricicot.com\/wp-content\/uploads\/2022\/10\/Maurici-Cot-Pastisseria-sense-gluten-Botiga.jpg\" alt=\"\" width=\"4000\" height=\"907\" \/>[\/et_pb_text][et_pb_text disabled_on=\u00bbon|on|on\u00bb admin_label=\u00bbIMG de atenem i venem directament &#8211; Atenem enc\u00e0rrecs Reparto\u00bb _builder_version=\u00bb4.16&#8243; custom_padding=\u00bb10px||20px|\u00bb disabled=\u00bbon\u00bb global_colors_info=\u00bb{}\u00bb]<img loading=\"lazy\" decoding=\"async\" class=\"aligncenter wp-image-530 size-full\" src=\"https:\/\/mauricicot.com\/wp-content\/uploads\/2021\/04\/imatges_WEB-Maurici-Cot-09.png\" alt=\"\" width=\"4000\" height=\"907\" \/>[\/et_pb_text][et_pb_text disabled_on=\u00bboff|off|on\u00bb admin_label=\u00bbIMG de atenem i venem directament &#8211; Atenem enc\u00e0rrecs Reparto\u00bb _builder_version=\u00bb4.17.6&#8243; custom_padding=\u00bb10px||20px|\u00bb global_colors_info=\u00bb{}\u00bb]<img loading=\"lazy\" decoding=\"async\" class=\"aligncenter wp-image-530 size-full\" src=\"https:\/\/mauricicot.com\/wp-content\/uploads\/2022\/10\/Maurici-Cot-Pastisseria-sense-gluten-Servei-a-domicili.jpg\" alt=\"\" width=\"4000\" height=\"907\" \/>[\/et_pb_text][\/et_pb_column][\/et_pb_row][et_pb_row _builder_version=\u00bb4.16&#8243; custom_padding=\u00bb50px|||\u00bb global_colors_info=\u00bb{}\u00bb][et_pb_column type=\u00bb4_4&#8243; _builder_version=\u00bb4.16&#8243; custom_padding=\u00bb|||\u00bb global_colors_info=\u00bb{}\u00bb custom_padding__hover=\u00bb|||\u00bb][et_pb_text admin_label=\u00bbSegueix-nos i endolcirem el teu dia!\u00bb _builder_version=\u00bb4.16&#8243; global_colors_info=\u00bb{}\u00bb]<\/p>\n<h3 style=\"text-align: center; color: #cfa789; font-family: 'poppins-regular';\"><img loading=\"lazy\" decoding=\"async\" class=\"alignnone size-full wp-image-20 aligncenter\" src=\"https:\/\/mauricicot.com\/wp-content\/uploads\/2020\/07\/sobre-fons-FOSC_INSTAGRAM_WEB-Maurici-Cot.png\" alt=\"\" width=\"30\" height=\"34\" \/>INSTAGRAM<\/h3>\n<h3 style=\"text-align: center; font-family: 'rufina-bold';\">\u00a1S\u00edguenos y endulzaremos tu d\u00eda!<\/h3>\n<p>[\/et_pb_text][\/et_pb_column][\/et_pb_row][et_pb_row _builder_version=\u00bb4.16&#8243; _module_preset=\u00bbdefault\u00bb global_colors_info=\u00bb{}\u00bb][et_pb_column type=\u00bb4_4&#8243; _builder_version=\u00bb4.16&#8243; _module_preset=\u00bbdefault\u00bb global_colors_info=\u00bb{}\u00bb][et_pb_text admin_label=\u00bbInstagram\u00bb _builder_version=\u00bb4.16&#8243; _module_preset=\u00bbdefault\u00bb global_colors_info=\u00bb{}\u00bb]\n<div id=\"sb_instagram\"  class=\"sbi sbi_mob_col_1 sbi_tab_col_2 sbi_col_4\" style=\"padding-bottom: 10px; width: 100%;\"\t data-feedid=\"*1\"  data-res=\"auto\" data-cols=\"4\" data-colsmobile=\"1\" data-colstablet=\"2\" data-num=\"4\" data-nummobile=\"\" data-item-padding=\"5\"\t data-shortcode-atts=\"{}\"  data-postid=\"1750\" data-locatornonce=\"793bcd820c\" data-imageaspectratio=\"1:1\" data-sbi-flags=\"favorLocal,gdpr\">\n\t<div class=\"sb_instagram_header \"   >\n\t<a class=\"sbi_header_link\" target=\"_blank\"\n\t   rel=\"nofollow noopener\" href=\"https:\/\/www.instagram.com\/mauricicot\/\" title=\"@mauricicot\">\n\t\t<div class=\"sbi_header_text\">\n\t\t\t<div class=\"sbi_header_img\"  data-avatar-url=\"https:\/\/scontent.fvit1-1.fna.fbcdn.net\/v\/t51.2885-15\/13108768_1594378570880054_783858342_a.jpg?_nc_cat=100&amp;ccb=1-7&amp;_nc_sid=7d201b&amp;_nc_ohc=IijGfvDPJdoQ7kNvwEtL1ZT&amp;_nc_oc=AdowHfELaOkTDUhn7YzXGLDT2whaSjEb2tHlkAqknFYxXePV4X4kYJMdCwgOrtN3xzM&amp;_nc_zt=23&amp;_nc_ht=scontent.fvit1-1.fna&amp;edm=AL-3X8kEAAAA&amp;oh=00_AQIRpBO5j5ZD3dXyUoueTLg3KWymlKcHZI2ZHitfgDmCyA&amp;oe=6A9BEE89\">\n\t\t\t\t\t\t\t\t\t<div class=\"sbi_header_img_hover\"  ><svg class=\"sbi_new_logo fa-instagram fa-w-14\" aria-hidden=\"true\" data-fa-processed=\"\" aria-label=\"Instagram\" data-prefix=\"fab\" data-icon=\"instagram\" role=\"img\" viewBox=\"0 0 448 512\">\n                    <path fill=\"currentColor\" d=\"M224.1 141c-63.6 0-114.9 51.3-114.9 114.9s51.3 114.9 114.9 114.9S339 319.5 339 255.9 287.7 141 224.1 141zm0 189.6c-41.1 0-74.7-33.5-74.7-74.7s33.5-74.7 74.7-74.7 74.7 33.5 74.7 74.7-33.6 74.7-74.7 74.7zm146.4-194.3c0 14.9-12 26.8-26.8 26.8-14.9 0-26.8-12-26.8-26.8s12-26.8 26.8-26.8 26.8 12 26.8 26.8zm76.1 27.2c-1.7-35.9-9.9-67.7-36.2-93.9-26.2-26.2-58-34.4-93.9-36.2-37-2.1-147.9-2.1-184.9 0-35.8 1.7-67.6 9.9-93.9 36.1s-34.4 58-36.2 93.9c-2.1 37-2.1 147.9 0 184.9 1.7 35.9 9.9 67.7 36.2 93.9s58 34.4 93.9 36.2c37 2.1 147.9 2.1 184.9 0 35.9-1.7 67.7-9.9 93.9-36.2 26.2-26.2 34.4-58 36.2-93.9 2.1-37 2.1-147.8 0-184.8zM398.8 388c-7.8 19.6-22.9 34.7-42.6 42.6-29.5 11.7-99.5 9-132.1 9s-102.7 2.6-132.1-9c-19.6-7.8-34.7-22.9-42.6-42.6-11.7-29.5-9-99.5-9-132.1s-2.6-102.7 9-132.1c7.8-19.6 22.9-34.7 42.6-42.6 29.5-11.7 99.5-9 132.1-9s102.7-2.6 132.1 9c19.6 7.8 34.7 22.9 42.6 42.6 11.7 29.5 9 99.5 9 132.1s2.7 102.7-9 132.1z\"><\/path>\n                <\/svg><\/div>\n\t\t\t\t\t<img loading=\"lazy\" decoding=\"async\"  src=\"https:\/\/mauricicot.com\/wp-content\/uploads\/sb-instagram-feed-images\/mauricicot.webp\" alt=\"\" width=\"50\" height=\"50\">\n\t\t\t\t\n\t\t\t\t\t\t\t<\/div>\n\n\t\t\t<div class=\"sbi_feedtheme_header_text\">\n\t\t\t\t<h3>mauricicot<\/h3>\n\t\t\t\t\t\t\t\t\t<p class=\"sbi_bio\">\ud83c\udf70Pastisseria artesana sense gluten ni lactosa.<br>\n\ud83c\udfc6Millor persona artesana alimentaria &#039;25<br>\n\ud83d\udc47Pots comprar online fent clic aqu\u00ed\ud83d\udc47<\/p>\n\t\t\t\t\t\t\t<\/div>\n\t\t<\/div>\n\t<\/a>\n<\/div>\n\n\t<div id=\"sbi_images\"  style=\"gap: 10px;\">\n\t\t<div class=\"sbi_item sbi_type_video sbi_new sbi_transition\"\n\tid=\"sbi_18100692692013182\" data-date=\"1787926109\">\n\t<div class=\"sbi_photo_wrap\">\n\t\t<a class=\"sbi_photo\" href=\"https:\/\/www.instagram.com\/reel\/DcliZ_KIaVk\/\" target=\"_blank\" rel=\"noopener nofollow\"\n\t\t\tdata-full-res=\"https:\/\/scontent.cdninstagram.com\/v\/t51.71878-15\/788666280_1098638752833413_6400415405100796213_n.jpg?stp=dst-jpg_e35_tt6&#038;_nc_cat=103&#038;ccb=7-5&#038;_nc_sid=18de74&#038;efg=eyJlZmdfdGFnIjoiQ0xJUFMuYmVzdF9pbWFnZV91cmxnZW4uQzMifQ%3D%3D&#038;_nc_ohc=1m2piXmPAP8Q7kNvwFDezNA&#038;_nc_oc=AdqkHkPgrqFJAKVFecs3BFZaofmoiaGJP7VQHR28EkvfK3RPz8QocLmpqnuhFthtNjk&#038;_nc_zt=23&#038;_nc_ht=scontent.cdninstagram.com&#038;edm=AM6HXa8EAAAA&#038;_nc_gid=S53bHXb8Gqw9G83KR4ngDg&#038;_nc_tpa=Q5bMBQKDHqtpizKD8Kp5QmSsjTnZh67Y0wbkBHAYdqG-sumsWgiPSnZlG1EQym6JECmhh7KfohKKNs1C&#038;oh=00_AQIlEizEBEMp7ddHMK-ylLJ8WpadOUnWuKxRtRmUFf-YnA&#038;oe=6A9C07A4\"\n\t\t\tdata-img-src-set=\"{&quot;d&quot;:&quot;https:\\\/\\\/scontent.cdninstagram.com\\\/v\\\/t51.71878-15\\\/788666280_1098638752833413_6400415405100796213_n.jpg?stp=dst-jpg_e35_tt6&amp;_nc_cat=103&amp;ccb=7-5&amp;_nc_sid=18de74&amp;efg=eyJlZmdfdGFnIjoiQ0xJUFMuYmVzdF9pbWFnZV91cmxnZW4uQzMifQ%3D%3D&amp;_nc_ohc=1m2piXmPAP8Q7kNvwFDezNA&amp;_nc_oc=AdqkHkPgrqFJAKVFecs3BFZaofmoiaGJP7VQHR28EkvfK3RPz8QocLmpqnuhFthtNjk&amp;_nc_zt=23&amp;_nc_ht=scontent.cdninstagram.com&amp;edm=AM6HXa8EAAAA&amp;_nc_gid=S53bHXb8Gqw9G83KR4ngDg&amp;_nc_tpa=Q5bMBQKDHqtpizKD8Kp5QmSsjTnZh67Y0wbkBHAYdqG-sumsWgiPSnZlG1EQym6JECmhh7KfohKKNs1C&amp;oh=00_AQIlEizEBEMp7ddHMK-ylLJ8WpadOUnWuKxRtRmUFf-YnA&amp;oe=6A9C07A4&quot;,&quot;150&quot;:&quot;https:\\\/\\\/scontent.cdninstagram.com\\\/v\\\/t51.71878-15\\\/788666280_1098638752833413_6400415405100796213_n.jpg?stp=dst-jpg_e35_tt6&amp;_nc_cat=103&amp;ccb=7-5&amp;_nc_sid=18de74&amp;efg=eyJlZmdfdGFnIjoiQ0xJUFMuYmVzdF9pbWFnZV91cmxnZW4uQzMifQ%3D%3D&amp;_nc_ohc=1m2piXmPAP8Q7kNvwFDezNA&amp;_nc_oc=AdqkHkPgrqFJAKVFecs3BFZaofmoiaGJP7VQHR28EkvfK3RPz8QocLmpqnuhFthtNjk&amp;_nc_zt=23&amp;_nc_ht=scontent.cdninstagram.com&amp;edm=AM6HXa8EAAAA&amp;_nc_gid=S53bHXb8Gqw9G83KR4ngDg&amp;_nc_tpa=Q5bMBQKDHqtpizKD8Kp5QmSsjTnZh67Y0wbkBHAYdqG-sumsWgiPSnZlG1EQym6JECmhh7KfohKKNs1C&amp;oh=00_AQIlEizEBEMp7ddHMK-ylLJ8WpadOUnWuKxRtRmUFf-YnA&amp;oe=6A9C07A4&quot;,&quot;320&quot;:&quot;https:\\\/\\\/scontent.cdninstagram.com\\\/v\\\/t51.71878-15\\\/788666280_1098638752833413_6400415405100796213_n.jpg?stp=dst-jpg_e35_tt6&amp;_nc_cat=103&amp;ccb=7-5&amp;_nc_sid=18de74&amp;efg=eyJlZmdfdGFnIjoiQ0xJUFMuYmVzdF9pbWFnZV91cmxnZW4uQzMifQ%3D%3D&amp;_nc_ohc=1m2piXmPAP8Q7kNvwFDezNA&amp;_nc_oc=AdqkHkPgrqFJAKVFecs3BFZaofmoiaGJP7VQHR28EkvfK3RPz8QocLmpqnuhFthtNjk&amp;_nc_zt=23&amp;_nc_ht=scontent.cdninstagram.com&amp;edm=AM6HXa8EAAAA&amp;_nc_gid=S53bHXb8Gqw9G83KR4ngDg&amp;_nc_tpa=Q5bMBQKDHqtpizKD8Kp5QmSsjTnZh67Y0wbkBHAYdqG-sumsWgiPSnZlG1EQym6JECmhh7KfohKKNs1C&amp;oh=00_AQIlEizEBEMp7ddHMK-ylLJ8WpadOUnWuKxRtRmUFf-YnA&amp;oe=6A9C07A4&quot;,&quot;640&quot;:&quot;https:\\\/\\\/scontent.cdninstagram.com\\\/v\\\/t51.71878-15\\\/788666280_1098638752833413_6400415405100796213_n.jpg?stp=dst-jpg_e35_tt6&amp;_nc_cat=103&amp;ccb=7-5&amp;_nc_sid=18de74&amp;efg=eyJlZmdfdGFnIjoiQ0xJUFMuYmVzdF9pbWFnZV91cmxnZW4uQzMifQ%3D%3D&amp;_nc_ohc=1m2piXmPAP8Q7kNvwFDezNA&amp;_nc_oc=AdqkHkPgrqFJAKVFecs3BFZaofmoiaGJP7VQHR28EkvfK3RPz8QocLmpqnuhFthtNjk&amp;_nc_zt=23&amp;_nc_ht=scontent.cdninstagram.com&amp;edm=AM6HXa8EAAAA&amp;_nc_gid=S53bHXb8Gqw9G83KR4ngDg&amp;_nc_tpa=Q5bMBQKDHqtpizKD8Kp5QmSsjTnZh67Y0wbkBHAYdqG-sumsWgiPSnZlG1EQym6JECmhh7KfohKKNs1C&amp;oh=00_AQIlEizEBEMp7ddHMK-ylLJ8WpadOUnWuKxRtRmUFf-YnA&amp;oe=6A9C07A4&quot;}\">\n\t\t\t<span class=\"sbi-screenreader\">\ud83c\udf70\ud83d\udc69\u200d\ud83c\udf73 Cada past\u00eds no \u00e9s nom\u00e9s un past\u00eds. S\u00f3n unes m<\/span>\n\t\t\t\t\t\t<svg style=\"color: rgba(255,255,255,1)\" class=\"svg-inline--fa fa-play fa-w-14 sbi_playbtn\" aria-label=\"Play\" aria-hidden=\"true\" data-fa-processed=\"\" data-prefix=\"fa\" data-icon=\"play\" role=\"presentation\" xmlns=\"http:\/\/www.w3.org\/2000\/svg\" viewBox=\"0 0 448 512\"><path fill=\"currentColor\" d=\"M424.4 214.7L72.4 6.6C43.8-10.3 0 6.1 0 47.9V464c0 37.5 40.7 60.1 72.4 41.3l352-208c31.4-18.5 31.5-64.1 0-82.6z\"><\/path><\/svg>\t\t\t<img decoding=\"async\" src=\"https:\/\/mauricicot.com\/wp-content\/plugins\/instagram-feed\/img\/placeholder.png\" alt=\"\ud83c\udf70\ud83d\udc69\u200d\ud83c\udf73 Cada past\u00eds no \u00e9s nom\u00e9s un past\u00eds. S\u00f3n unes mans fent-lo realitat, cuidant cada detall fins l&#039;\u00faltima decoraci\u00f3. \n\n\ud83e\udef6 La Ruth hi posa tot l&#039;amor del m\u00f3n. \u00c9s nota oi?? \n\n\u261d\ufe0f Per qui no l&#039;hagi tastat encara, aquest \u00e9s un dels pastissos m\u00e9s estimats dels nostres clients: el de torr\u00f3 i llimona! \ud83c\udf4b\n\u2139\ufe0f Pots veure&#039;n m\u00e9s detalls a la nostra web. \ud83d\ude09\n\u00b7\n\u00b7\nCAST\n\ud83c\udf70\ud83d\udc69\u200d\ud83c\udf73 Cada tarta no es solo una tarta. Son unas manos haci\u00e9ndola realidad, cuidando cada detalle hasta la \u00faltima decoraci\u00f3n.\n\n\ud83e\udef6 Ruth pone todo el amor del mundo. Se nota, \u00bfverdad?\n\n\u261d\ufe0f Para quien a\u00fan no lo haya probado, este es uno de los pasteles m\u00e1s queridos por nuestros clientes: el de turr\u00f3n y lim\u00f3n. \ud83c\udf4b\n\u2139\ufe0f Puedes ver m\u00e1s detalles en nuestra web. \ud83d\ude09\n\u00b7\n\u00b7\n#past\u00eds #tarta #pastissos #sensegluten #senselactosa\" aria-hidden=\"true\">\n\t\t<\/a>\n\t<\/div>\n<\/div><div class=\"sbi_item sbi_type_carousel sbi_new sbi_transition\"\n\tid=\"sbi_17895560385567274\" data-date=\"1786026084\">\n\t<div class=\"sbi_photo_wrap\">\n\t\t<a class=\"sbi_photo\" href=\"https:\/\/www.instagram.com\/p\/Dbs6pfliNtt\/\" target=\"_blank\" rel=\"noopener nofollow\"\n\t\t\tdata-full-res=\"https:\/\/scontent.cdninstagram.com\/v\/t51.82787-15\/763655420_18476338570111143_4767048680082949070_n.webp?stp=dst-jpg_e35_tt6&#038;_nc_cat=103&#038;ccb=7-5&#038;_nc_sid=18de74&#038;efg=eyJlZmdfdGFnIjoiQ0FST1VTRUxfSVRFTS5iZXN0X2ltYWdlX3VybGdlbi5DMyJ9&#038;_nc_ohc=mDAUeaqmIT0Q7kNvwGryaD4&#038;_nc_oc=AdojK1V94zzb8SKWmSY69ln0mt-flpjqbVKNZ_mqBcSZjZJ9tmpoXjnHK16mwsQB8m0&#038;_nc_zt=23&#038;_nc_ht=scontent.cdninstagram.com&#038;edm=AM6HXa8EAAAA&#038;_nc_gid=S53bHXb8Gqw9G83KR4ngDg&#038;oh=00_AQIMwh3zaUhn6K5nyjrRslMximwRT354GhbVsTe6O4oDnw&#038;oe=6A9BE4FF\"\n\t\t\tdata-img-src-set=\"{&quot;d&quot;:&quot;https:\\\/\\\/scontent.cdninstagram.com\\\/v\\\/t51.82787-15\\\/763655420_18476338570111143_4767048680082949070_n.webp?stp=dst-jpg_e35_tt6&amp;_nc_cat=103&amp;ccb=7-5&amp;_nc_sid=18de74&amp;efg=eyJlZmdfdGFnIjoiQ0FST1VTRUxfSVRFTS5iZXN0X2ltYWdlX3VybGdlbi5DMyJ9&amp;_nc_ohc=mDAUeaqmIT0Q7kNvwGryaD4&amp;_nc_oc=AdojK1V94zzb8SKWmSY69ln0mt-flpjqbVKNZ_mqBcSZjZJ9tmpoXjnHK16mwsQB8m0&amp;_nc_zt=23&amp;_nc_ht=scontent.cdninstagram.com&amp;edm=AM6HXa8EAAAA&amp;_nc_gid=S53bHXb8Gqw9G83KR4ngDg&amp;oh=00_AQIMwh3zaUhn6K5nyjrRslMximwRT354GhbVsTe6O4oDnw&amp;oe=6A9BE4FF&quot;,&quot;150&quot;:&quot;https:\\\/\\\/scontent.cdninstagram.com\\\/v\\\/t51.82787-15\\\/763655420_18476338570111143_4767048680082949070_n.webp?stp=dst-jpg_e35_tt6&amp;_nc_cat=103&amp;ccb=7-5&amp;_nc_sid=18de74&amp;efg=eyJlZmdfdGFnIjoiQ0FST1VTRUxfSVRFTS5iZXN0X2ltYWdlX3VybGdlbi5DMyJ9&amp;_nc_ohc=mDAUeaqmIT0Q7kNvwGryaD4&amp;_nc_oc=AdojK1V94zzb8SKWmSY69ln0mt-flpjqbVKNZ_mqBcSZjZJ9tmpoXjnHK16mwsQB8m0&amp;_nc_zt=23&amp;_nc_ht=scontent.cdninstagram.com&amp;edm=AM6HXa8EAAAA&amp;_nc_gid=S53bHXb8Gqw9G83KR4ngDg&amp;oh=00_AQIMwh3zaUhn6K5nyjrRslMximwRT354GhbVsTe6O4oDnw&amp;oe=6A9BE4FF&quot;,&quot;320&quot;:&quot;https:\\\/\\\/scontent.cdninstagram.com\\\/v\\\/t51.82787-15\\\/763655420_18476338570111143_4767048680082949070_n.webp?stp=dst-jpg_e35_tt6&amp;_nc_cat=103&amp;ccb=7-5&amp;_nc_sid=18de74&amp;efg=eyJlZmdfdGFnIjoiQ0FST1VTRUxfSVRFTS5iZXN0X2ltYWdlX3VybGdlbi5DMyJ9&amp;_nc_ohc=mDAUeaqmIT0Q7kNvwGryaD4&amp;_nc_oc=AdojK1V94zzb8SKWmSY69ln0mt-flpjqbVKNZ_mqBcSZjZJ9tmpoXjnHK16mwsQB8m0&amp;_nc_zt=23&amp;_nc_ht=scontent.cdninstagram.com&amp;edm=AM6HXa8EAAAA&amp;_nc_gid=S53bHXb8Gqw9G83KR4ngDg&amp;oh=00_AQIMwh3zaUhn6K5nyjrRslMximwRT354GhbVsTe6O4oDnw&amp;oe=6A9BE4FF&quot;,&quot;640&quot;:&quot;https:\\\/\\\/scontent.cdninstagram.com\\\/v\\\/t51.82787-15\\\/763655420_18476338570111143_4767048680082949070_n.webp?stp=dst-jpg_e35_tt6&amp;_nc_cat=103&amp;ccb=7-5&amp;_nc_sid=18de74&amp;efg=eyJlZmdfdGFnIjoiQ0FST1VTRUxfSVRFTS5iZXN0X2ltYWdlX3VybGdlbi5DMyJ9&amp;_nc_ohc=mDAUeaqmIT0Q7kNvwGryaD4&amp;_nc_oc=AdojK1V94zzb8SKWmSY69ln0mt-flpjqbVKNZ_mqBcSZjZJ9tmpoXjnHK16mwsQB8m0&amp;_nc_zt=23&amp;_nc_ht=scontent.cdninstagram.com&amp;edm=AM6HXa8EAAAA&amp;_nc_gid=S53bHXb8Gqw9G83KR4ngDg&amp;oh=00_AQIMwh3zaUhn6K5nyjrRslMximwRT354GhbVsTe6O4oDnw&amp;oe=6A9BE4FF&quot;}\">\n\t\t\t<span class=\"sbi-screenreader\">\u00daltim cap de setmana i vacances!! \ud83e\udd73   \u23f3Ja falta be<\/span>\n\t\t\t<svg class=\"svg-inline--fa fa-clone fa-w-16 sbi_lightbox_carousel_icon\" aria-hidden=\"true\" aria-label=\"Clone\" data-fa-pro\u0192cessed=\"\" data-prefix=\"far\" data-icon=\"clone\" role=\"img\" xmlns=\"http:\/\/www.w3.org\/2000\/svg\" viewBox=\"0 0 512 512\">\n                    <path fill=\"currentColor\" d=\"M464 0H144c-26.51 0-48 21.49-48 48v48H48c-26.51 0-48 21.49-48 48v320c0 26.51 21.49 48 48 48h320c26.51 0 48-21.49 48-48v-48h48c26.51 0 48-21.49 48-48V48c0-26.51-21.49-48-48-48zM362 464H54a6 6 0 0 1-6-6V150a6 6 0 0 1 6-6h42v224c0 26.51 21.49 48 48 48h224v42a6 6 0 0 1-6 6zm96-96H150a6 6 0 0 1-6-6V54a6 6 0 0 1 6-6h308a6 6 0 0 1 6 6v308a6 6 0 0 1-6 6z\"><\/path>\n                <\/svg>\t\t\t\t\t\t<img decoding=\"async\" src=\"https:\/\/mauricicot.com\/wp-content\/plugins\/instagram-feed\/img\/placeholder.png\" alt=\"\u00daltim cap de setmana i vacances!! \ud83e\udd73 \n\n\u23f3Ja falta ben poc per comen\u00e7ar els nostres dies de descans. \n\ud83c\udf5e Aprofita per venir aquest cap de setmana a buscar pa (en pots guardar al congelador per la setmana que ve).\n\n\ud83c\udf70\u2600\ufe0f\ud83c\udf11 I recorda que tenim les postres de l&#039;eclipsi (edici\u00f3 limitada)!!\n\n\ud83d\ude0e BON ESTIU i BON ECLIPSI!! \ud83d\ude09\n\u00b7\n\u00b7\nCAST\n\u00a1\u00a1\u00daltimo fin de semana y vacaciones!! \ud83e\udd73\n\n\u23f3Ya falta poco para empezar nuestros d\u00edas de descanso.\n\ud83c\udf5e Aprovecha para venir este fin de semana a buscar pan (puedes guardarlo en el congelador para la pr\u00f3xima semana).\n\n\ud83c\udf70\u2600\ufe0f\ud83c\udf11 Y recuerda que tenemos el postre del eclipse (edici\u00f3n limitada)!!\n\n\ud83d\ude0e \u00a1FELIZ VERANO y FELIZ ECLIPSE!! \ud83d\ude09\n\nRecorda que tenim les postres de l&#039;eclipsi (edici\u00f3 limitada)!! \n\nRecorda que tenim les postres de l&#039;eclipsi (edici\u00f3 limitada)!! \n\n\ud83c\udf5e Aprofita per venir aquest cap de setmana a buscar pa (en pots guardar al congelador per la setmana que ve).\" aria-hidden=\"true\">\n\t\t<\/a>\n\t<\/div>\n<\/div><div class=\"sbi_item sbi_type_carousel sbi_new sbi_transition\"\n\tid=\"sbi_18042631421800648\" data-date=\"1785328506\">\n\t<div class=\"sbi_photo_wrap\">\n\t\t<a class=\"sbi_photo\" href=\"https:\/\/www.instagram.com\/p\/DbYIH_xiKTq\/\" target=\"_blank\" rel=\"noopener nofollow\"\n\t\t\tdata-full-res=\"https:\/\/scontent.cdninstagram.com\/v\/t51.82787-15\/759622366_18474783814111143_8513464144223781840_n.webp?stp=dst-jpg_e35_tt6&#038;_nc_cat=111&#038;ccb=7-5&#038;_nc_sid=18de74&#038;efg=eyJlZmdfdGFnIjoiQ0FST1VTRUxfSVRFTS5iZXN0X2ltYWdlX3VybGdlbi5DMyJ9&#038;_nc_ohc=7K5vI3yQ0eQQ7kNvwE_Wq_F&#038;_nc_oc=AdpOuIF2ALz30VCMmHImFfnpGswV94AYKKsVCZhYMp16a78GiAwkYfPzpMcy5mnDkZU&#038;_nc_zt=23&#038;_nc_ht=scontent.cdninstagram.com&#038;edm=AM6HXa8EAAAA&#038;_nc_gid=S53bHXb8Gqw9G83KR4ngDg&#038;oh=00_AQLusilhePyyay1eIC_XQCjFgz9hIjEcdPt10kmIHTn4Kg&#038;oe=6A9BF50F\"\n\t\t\tdata-img-src-set=\"{&quot;d&quot;:&quot;https:\\\/\\\/scontent.cdninstagram.com\\\/v\\\/t51.82787-15\\\/759622366_18474783814111143_8513464144223781840_n.webp?stp=dst-jpg_e35_tt6&amp;_nc_cat=111&amp;ccb=7-5&amp;_nc_sid=18de74&amp;efg=eyJlZmdfdGFnIjoiQ0FST1VTRUxfSVRFTS5iZXN0X2ltYWdlX3VybGdlbi5DMyJ9&amp;_nc_ohc=7K5vI3yQ0eQQ7kNvwE_Wq_F&amp;_nc_oc=AdpOuIF2ALz30VCMmHImFfnpGswV94AYKKsVCZhYMp16a78GiAwkYfPzpMcy5mnDkZU&amp;_nc_zt=23&amp;_nc_ht=scontent.cdninstagram.com&amp;edm=AM6HXa8EAAAA&amp;_nc_gid=S53bHXb8Gqw9G83KR4ngDg&amp;oh=00_AQLusilhePyyay1eIC_XQCjFgz9hIjEcdPt10kmIHTn4Kg&amp;oe=6A9BF50F&quot;,&quot;150&quot;:&quot;https:\\\/\\\/scontent.cdninstagram.com\\\/v\\\/t51.82787-15\\\/759622366_18474783814111143_8513464144223781840_n.webp?stp=dst-jpg_e35_tt6&amp;_nc_cat=111&amp;ccb=7-5&amp;_nc_sid=18de74&amp;efg=eyJlZmdfdGFnIjoiQ0FST1VTRUxfSVRFTS5iZXN0X2ltYWdlX3VybGdlbi5DMyJ9&amp;_nc_ohc=7K5vI3yQ0eQQ7kNvwE_Wq_F&amp;_nc_oc=AdpOuIF2ALz30VCMmHImFfnpGswV94AYKKsVCZhYMp16a78GiAwkYfPzpMcy5mnDkZU&amp;_nc_zt=23&amp;_nc_ht=scontent.cdninstagram.com&amp;edm=AM6HXa8EAAAA&amp;_nc_gid=S53bHXb8Gqw9G83KR4ngDg&amp;oh=00_AQLusilhePyyay1eIC_XQCjFgz9hIjEcdPt10kmIHTn4Kg&amp;oe=6A9BF50F&quot;,&quot;320&quot;:&quot;https:\\\/\\\/scontent.cdninstagram.com\\\/v\\\/t51.82787-15\\\/759622366_18474783814111143_8513464144223781840_n.webp?stp=dst-jpg_e35_tt6&amp;_nc_cat=111&amp;ccb=7-5&amp;_nc_sid=18de74&amp;efg=eyJlZmdfdGFnIjoiQ0FST1VTRUxfSVRFTS5iZXN0X2ltYWdlX3VybGdlbi5DMyJ9&amp;_nc_ohc=7K5vI3yQ0eQQ7kNvwE_Wq_F&amp;_nc_oc=AdpOuIF2ALz30VCMmHImFfnpGswV94AYKKsVCZhYMp16a78GiAwkYfPzpMcy5mnDkZU&amp;_nc_zt=23&amp;_nc_ht=scontent.cdninstagram.com&amp;edm=AM6HXa8EAAAA&amp;_nc_gid=S53bHXb8Gqw9G83KR4ngDg&amp;oh=00_AQLusilhePyyay1eIC_XQCjFgz9hIjEcdPt10kmIHTn4Kg&amp;oe=6A9BF50F&quot;,&quot;640&quot;:&quot;https:\\\/\\\/scontent.cdninstagram.com\\\/v\\\/t51.82787-15\\\/759622366_18474783814111143_8513464144223781840_n.webp?stp=dst-jpg_e35_tt6&amp;_nc_cat=111&amp;ccb=7-5&amp;_nc_sid=18de74&amp;efg=eyJlZmdfdGFnIjoiQ0FST1VTRUxfSVRFTS5iZXN0X2ltYWdlX3VybGdlbi5DMyJ9&amp;_nc_ohc=7K5vI3yQ0eQQ7kNvwE_Wq_F&amp;_nc_oc=AdpOuIF2ALz30VCMmHImFfnpGswV94AYKKsVCZhYMp16a78GiAwkYfPzpMcy5mnDkZU&amp;_nc_zt=23&amp;_nc_ht=scontent.cdninstagram.com&amp;edm=AM6HXa8EAAAA&amp;_nc_gid=S53bHXb8Gqw9G83KR4ngDg&amp;oh=00_AQLusilhePyyay1eIC_XQCjFgz9hIjEcdPt10kmIHTn4Kg&amp;oe=6A9BF50F&quot;}\">\n\t\t\t<span class=\"sbi-screenreader\">\ud83d\udce2 Avisos importants de cara al mes d&#039;agost\ud83d\udd05:  \u23f8\ufe0f D<\/span>\n\t\t\t<svg class=\"svg-inline--fa fa-clone fa-w-16 sbi_lightbox_carousel_icon\" aria-hidden=\"true\" aria-label=\"Clone\" data-fa-pro\u0192cessed=\"\" data-prefix=\"far\" data-icon=\"clone\" role=\"img\" xmlns=\"http:\/\/www.w3.org\/2000\/svg\" viewBox=\"0 0 512 512\">\n                    <path fill=\"currentColor\" d=\"M464 0H144c-26.51 0-48 21.49-48 48v48H48c-26.51 0-48 21.49-48 48v320c0 26.51 21.49 48 48 48h320c26.51 0 48-21.49 48-48v-48h48c26.51 0 48-21.49 48-48V48c0-26.51-21.49-48-48-48zM362 464H54a6 6 0 0 1-6-6V150a6 6 0 0 1 6-6h42v224c0 26.51 21.49 48 48 48h224v42a6 6 0 0 1-6 6zm96-96H150a6 6 0 0 1-6-6V54a6 6 0 0 1 6-6h308a6 6 0 0 1 6 6v308a6 6 0 0 1-6 6z\"><\/path>\n                <\/svg>\t\t\t\t\t\t<img decoding=\"async\" src=\"https:\/\/mauricicot.com\/wp-content\/plugins\/instagram-feed\/img\/placeholder.png\" alt=\"\ud83d\udce2 Avisos importants de cara al mes d&#039;agost\ud83d\udd05:\n\n\u23f8\ufe0f Del 10 al 18 d\u2019agost tancarem per vacances (s\u00ed, anem a veure l&#039;eclipsi \ud83d\ude01)\n\ud83d\udd58 La resta de dies d&#039;agost tindrem tancat a les tardes excepte els divendres (mireu l&#039;horari a la segona diapositiva).\n\u274c\ud83d\ude9a Durant tot el mes no farem enviaments de comandes a domicili. \n\n\ud83d\udd76\ufe0f Si aneu a veure l&#039;eclipsi no oblideu les ulleres homologades! jejeje\n\n\ud83c\udf5e\ud83c\udf70 Vinga doncs, aprofiteu per fer PROVISI\u00d3 DE PA I PASTISSOS aquests dies!! \ud83d\ude09\ud83d\ude09\n\u00b7\n\u00b7\nCAST\n\ud83d\udce2 Avisos importantes de cara al mes de agosto\ud83d\udd05:\n\n\u23f8\ufe0f Del 10 al 18 de agosto cerraremos por vacaciones (s\u00ed, vamos a ver el eclipse \ud83d\ude01)\n\ud83d\udd58 El resto de d\u00edas de agosto tendremos cerrado por las tardes excepto los viernes (ver el horario en la segunda diapositiva).\n\u274c\ud83d\ude9a Durante todo el mes no realizaremos env\u00edos de pedidos a domicilio. \n\n\ud83d\udd76\ufe0f Si v\u00e1is a ver el eclipse, no os olvid\u00e9is las gafas homologadas! jejeje\n\n\ud83c\udf5e\ud83c\udf70 Venga pues, aprovechad para hacer PROVISI\u00d3N DE PAN Y PASTELES estos d\u00edas!! \ud83d\ude09\ud83d\ude09\n\u00b7\n\u00b7\n#pastisseriasensegluten #pasensegluten #sensegluten #senselactosa #llinarsdelvalles\" aria-hidden=\"true\">\n\t\t<\/a>\n\t<\/div>\n<\/div><div class=\"sbi_item sbi_type_video sbi_new sbi_transition\"\n\tid=\"sbi_18088709204450562\" data-date=\"1784990811\">\n\t<div class=\"sbi_photo_wrap\">\n\t\t<a class=\"sbi_photo\" href=\"https:\/\/www.instagram.com\/reel\/DbODnbXITkn\/\" target=\"_blank\" rel=\"noopener nofollow\"\n\t\t\tdata-full-res=\"https:\/\/scontent.cdninstagram.com\/v\/t51.71878-15\/755693836_2122375068716063_79053229905967851_n.jpg?stp=dst-jpg_e35_tt6&#038;_nc_cat=108&#038;ccb=7-5&#038;_nc_sid=18de74&#038;efg=eyJlZmdfdGFnIjoiQ0xJUFMuYmVzdF9pbWFnZV91cmxnZW4uQzMifQ%3D%3D&#038;_nc_ohc=EsAPQN6py2EQ7kNvwHVJJtd&#038;_nc_oc=Adok2mzfslNnUCbSFIdoddOYjrOhWRf-LjKmaGreLN4PdM2_JObxxvspjhphTAGq68s&#038;_nc_zt=23&#038;_nc_ht=scontent.cdninstagram.com&#038;edm=AM6HXa8EAAAA&#038;_nc_gid=S53bHXb8Gqw9G83KR4ngDg&#038;_nc_tpa=Q5bMBQIeiJlNQa7eIksaeUiM9uw09Jz4ZQdJErt24p4K7daN9X_jtUnF3xDQsMZ0DzlERxOoG4coAEl6&#038;oh=00_AQKgwHSlMbY7fvHPRtCFCOfJiZbRyTGaulqWiksxlvpWKA&#038;oe=6A9C0702\"\n\t\t\tdata-img-src-set=\"{&quot;d&quot;:&quot;https:\\\/\\\/scontent.cdninstagram.com\\\/v\\\/t51.71878-15\\\/755693836_2122375068716063_79053229905967851_n.jpg?stp=dst-jpg_e35_tt6&amp;_nc_cat=108&amp;ccb=7-5&amp;_nc_sid=18de74&amp;efg=eyJlZmdfdGFnIjoiQ0xJUFMuYmVzdF9pbWFnZV91cmxnZW4uQzMifQ%3D%3D&amp;_nc_ohc=EsAPQN6py2EQ7kNvwHVJJtd&amp;_nc_oc=Adok2mzfslNnUCbSFIdoddOYjrOhWRf-LjKmaGreLN4PdM2_JObxxvspjhphTAGq68s&amp;_nc_zt=23&amp;_nc_ht=scontent.cdninstagram.com&amp;edm=AM6HXa8EAAAA&amp;_nc_gid=S53bHXb8Gqw9G83KR4ngDg&amp;_nc_tpa=Q5bMBQIeiJlNQa7eIksaeUiM9uw09Jz4ZQdJErt24p4K7daN9X_jtUnF3xDQsMZ0DzlERxOoG4coAEl6&amp;oh=00_AQKgwHSlMbY7fvHPRtCFCOfJiZbRyTGaulqWiksxlvpWKA&amp;oe=6A9C0702&quot;,&quot;150&quot;:&quot;https:\\\/\\\/scontent.cdninstagram.com\\\/v\\\/t51.71878-15\\\/755693836_2122375068716063_79053229905967851_n.jpg?stp=dst-jpg_e35_tt6&amp;_nc_cat=108&amp;ccb=7-5&amp;_nc_sid=18de74&amp;efg=eyJlZmdfdGFnIjoiQ0xJUFMuYmVzdF9pbWFnZV91cmxnZW4uQzMifQ%3D%3D&amp;_nc_ohc=EsAPQN6py2EQ7kNvwHVJJtd&amp;_nc_oc=Adok2mzfslNnUCbSFIdoddOYjrOhWRf-LjKmaGreLN4PdM2_JObxxvspjhphTAGq68s&amp;_nc_zt=23&amp;_nc_ht=scontent.cdninstagram.com&amp;edm=AM6HXa8EAAAA&amp;_nc_gid=S53bHXb8Gqw9G83KR4ngDg&amp;_nc_tpa=Q5bMBQIeiJlNQa7eIksaeUiM9uw09Jz4ZQdJErt24p4K7daN9X_jtUnF3xDQsMZ0DzlERxOoG4coAEl6&amp;oh=00_AQKgwHSlMbY7fvHPRtCFCOfJiZbRyTGaulqWiksxlvpWKA&amp;oe=6A9C0702&quot;,&quot;320&quot;:&quot;https:\\\/\\\/scontent.cdninstagram.com\\\/v\\\/t51.71878-15\\\/755693836_2122375068716063_79053229905967851_n.jpg?stp=dst-jpg_e35_tt6&amp;_nc_cat=108&amp;ccb=7-5&amp;_nc_sid=18de74&amp;efg=eyJlZmdfdGFnIjoiQ0xJUFMuYmVzdF9pbWFnZV91cmxnZW4uQzMifQ%3D%3D&amp;_nc_ohc=EsAPQN6py2EQ7kNvwHVJJtd&amp;_nc_oc=Adok2mzfslNnUCbSFIdoddOYjrOhWRf-LjKmaGreLN4PdM2_JObxxvspjhphTAGq68s&amp;_nc_zt=23&amp;_nc_ht=scontent.cdninstagram.com&amp;edm=AM6HXa8EAAAA&amp;_nc_gid=S53bHXb8Gqw9G83KR4ngDg&amp;_nc_tpa=Q5bMBQIeiJlNQa7eIksaeUiM9uw09Jz4ZQdJErt24p4K7daN9X_jtUnF3xDQsMZ0DzlERxOoG4coAEl6&amp;oh=00_AQKgwHSlMbY7fvHPRtCFCOfJiZbRyTGaulqWiksxlvpWKA&amp;oe=6A9C0702&quot;,&quot;640&quot;:&quot;https:\\\/\\\/scontent.cdninstagram.com\\\/v\\\/t51.71878-15\\\/755693836_2122375068716063_79053229905967851_n.jpg?stp=dst-jpg_e35_tt6&amp;_nc_cat=108&amp;ccb=7-5&amp;_nc_sid=18de74&amp;efg=eyJlZmdfdGFnIjoiQ0xJUFMuYmVzdF9pbWFnZV91cmxnZW4uQzMifQ%3D%3D&amp;_nc_ohc=EsAPQN6py2EQ7kNvwHVJJtd&amp;_nc_oc=Adok2mzfslNnUCbSFIdoddOYjrOhWRf-LjKmaGreLN4PdM2_JObxxvspjhphTAGq68s&amp;_nc_zt=23&amp;_nc_ht=scontent.cdninstagram.com&amp;edm=AM6HXa8EAAAA&amp;_nc_gid=S53bHXb8Gqw9G83KR4ngDg&amp;_nc_tpa=Q5bMBQIeiJlNQa7eIksaeUiM9uw09Jz4ZQdJErt24p4K7daN9X_jtUnF3xDQsMZ0DzlERxOoG4coAEl6&amp;oh=00_AQKgwHSlMbY7fvHPRtCFCOfJiZbRyTGaulqWiksxlvpWKA&amp;oe=6A9C0702&quot;}\">\n\t\t\t<span class=\"sbi-screenreader\">\u2600\ufe0f\ud83c\udf11 Ho confesem: estem eclipsats!! En Maurici \u00e9s m<\/span>\n\t\t\t\t\t\t<svg style=\"color: rgba(255,255,255,1)\" class=\"svg-inline--fa fa-play fa-w-14 sbi_playbtn\" aria-label=\"Play\" aria-hidden=\"true\" data-fa-processed=\"\" data-prefix=\"fa\" data-icon=\"play\" role=\"presentation\" xmlns=\"http:\/\/www.w3.org\/2000\/svg\" viewBox=\"0 0 448 512\"><path fill=\"currentColor\" d=\"M424.4 214.7L72.4 6.6C43.8-10.3 0 6.1 0 47.9V464c0 37.5 40.7 60.1 72.4 41.3l352-208c31.4-18.5 31.5-64.1 0-82.6z\"><\/path><\/svg>\t\t\t<img decoding=\"async\" src=\"https:\/\/mauricicot.com\/wp-content\/plugins\/instagram-feed\/img\/placeholder.png\" alt=\"\u2600\ufe0f\ud83c\udf11 Ho confesem: estem eclipsats!! En Maurici \u00e9s molt fan de l&#039;astronomia i ha decidit dedicar unes postres a un dels esdeveniments astron\u00f2mics m\u00e9s important dels \u00faltims anys. La Pen\u00ednsula Ib\u00e8rica no ha vist un eclipsi total de Sol des del 1912!! \ud83d\ude2f\ud83d\ude32\ud83d\ude2f\ud83d\ude32\n\n\ud83e\udd6d\ud83c\udf53\ud83c\udf6b Es tracta d&#039;una mousse de mango amb interior de compota de maduixa, dacquoise de coco, sobre base cruixent de cacau fosc amb cardamom verd. L&#039;acabem amb un glacejat de mango i una placa de xocolata, per simular l&#039;efecte eclipsi!\n\n\ud83d\uddd3\ufe0f Disponible a partir d&#039;avui mateix i durant les properes dues setmanes.\n\n\u26a0\ufe0f Atenci\u00f3! El dia de l&#039;eclipsi estarem de vacances, per tant si el vols per la ocasi\u00f3 vine a buscar-lo abans i el guardes al congelador. \ud83d\ude09\n\nCAST\n\u2600\ufe0f\ud83c\udf11 Lo confesamos: estamos eclipsados!!\n\nMaurici es muy fan de la astronom\u00eda y ha decidido dedicar un postre a uno de los eventos astron\u00f3micos m\u00e1s importante de los \u00faltimos a\u00f1os. La Pen\u00ednsula Ib\u00e9rica no ha visto un eclipse total de Sol desde 1912!! \ud83d\ude2f\ud83d\ude32\ud83d\ude2f\ud83d\ude32 \n\n\ud83e\udd6d\ud83c\udf53\ud83c\udf6b Se trata de una mousse de mango con interior de compota de fresa, dacquoise de coco, sobre base crujiente de cacao oscuro con cardamomo verde. Lo acabamos con un glaseado de mango y una placa de chocolate, \u00a1para simular el efecto eclipse! \n\n\ud83d\uddd3\ufe0f Disponible a partir de hoy mismo y durante las pr\u00f3ximas dos semanas. \n\n\u26a0\ufe0f \u00a1Atenci\u00f3n! El d\u00eda del eclipse estaremos de vacaciones, por tanto si lo quieres por la ocasi\u00f3n ven a buscarlo antes y lo guardas en el congelador. \ud83d\ude09 \n\n#eclipsi #postres #sensegluten #postressensegluten #pastisseriasensegluten\" aria-hidden=\"true\">\n\t\t<\/a>\n\t<\/div>\n<\/div>\t<\/div>\n\n\t<div id=\"sbi_load\" >\n\n\t\t\t<button class=\"sbi_load_btn\"\n\t\t\ttype=\"button\" >\n\t\t\t<span class=\"sbi_btn_text\" >Cargar m\u00e1s...<\/span>\n\t\t\t<span class=\"sbi_loader sbi_hidden\" style=\"background-color: rgb(255, 255, 255);\" aria-hidden=\"true\"><\/span>\n\t\t<\/button>\n\t\n\t\t\t<span class=\"sbi_follow_btn\" >\n\t\t\t<a target=\"_blank\"\n\t\t\t\trel=\"nofollow noopener\"  href=\"https:\/\/www.instagram.com\/mauricicot\/\">\n\t\t\t\t<svg class=\"svg-inline--fa fa-instagram fa-w-14\" aria-hidden=\"true\" data-fa-processed=\"\" aria-label=\"Instagram\" data-prefix=\"fab\" data-icon=\"instagram\" role=\"img\" viewBox=\"0 0 448 512\">\n                    <path fill=\"currentColor\" d=\"M224.1 141c-63.6 0-114.9 51.3-114.9 114.9s51.3 114.9 114.9 114.9S339 319.5 339 255.9 287.7 141 224.1 141zm0 189.6c-41.1 0-74.7-33.5-74.7-74.7s33.5-74.7 74.7-74.7 74.7 33.5 74.7 74.7-33.6 74.7-74.7 74.7zm146.4-194.3c0 14.9-12 26.8-26.8 26.8-14.9 0-26.8-12-26.8-26.8s12-26.8 26.8-26.8 26.8 12 26.8 26.8zm76.1 27.2c-1.7-35.9-9.9-67.7-36.2-93.9-26.2-26.2-58-34.4-93.9-36.2-37-2.1-147.9-2.1-184.9 0-35.8 1.7-67.6 9.9-93.9 36.1s-34.4 58-36.2 93.9c-2.1 37-2.1 147.9 0 184.9 1.7 35.9 9.9 67.7 36.2 93.9s58 34.4 93.9 36.2c37 2.1 147.9 2.1 184.9 0 35.9-1.7 67.7-9.9 93.9-36.2 26.2-26.2 34.4-58 36.2-93.9 2.1-37 2.1-147.8 0-184.8zM398.8 388c-7.8 19.6-22.9 34.7-42.6 42.6-29.5 11.7-99.5 9-132.1 9s-102.7 2.6-132.1-9c-19.6-7.8-34.7-22.9-42.6-42.6-11.7-29.5-9-99.5-9-132.1s-2.6-102.7 9-132.1c7.8-19.6 22.9-34.7 42.6-42.6 29.5-11.7 99.5-9 132.1-9s102.7-2.6 132.1 9c19.6 7.8 34.7 22.9 42.6 42.6 11.7 29.5 9 99.5 9 132.1s2.7 102.7-9 132.1z\"><\/path>\n                <\/svg>\t\t\t\t<span>S\u00edguenos en Instagram<\/span>\n\t\t\t<\/a>\n\t\t<\/span>\n\t\n<\/div>\n\t\t<span class=\"sbi_resized_image_data\" data-feed-id=\"*1\"\n\t\t  data-resized=\"{&quot;18088709204450562&quot;:{&quot;id&quot;:&quot;755693836_2122375068716063_79053229905967851_n&quot;,&quot;ratio&quot;:&quot;0.56&quot;,&quot;sizes&quot;:{&quot;full&quot;:640,&quot;low&quot;:320,&quot;thumb&quot;:150},&quot;extension&quot;:&quot;.webp&quot;},&quot;18042631421800648&quot;:{&quot;id&quot;:&quot;759622366_18474783814111143_8513464144223781840_n&quot;,&quot;ratio&quot;:&quot;0.80&quot;,&quot;sizes&quot;:{&quot;full&quot;:640,&quot;low&quot;:320,&quot;thumb&quot;:150},&quot;extension&quot;:&quot;.webp&quot;},&quot;17895560385567274&quot;:{&quot;id&quot;:&quot;763655420_18476338570111143_4767048680082949070_n&quot;,&quot;ratio&quot;:&quot;0.80&quot;,&quot;sizes&quot;:{&quot;full&quot;:640,&quot;low&quot;:320,&quot;thumb&quot;:150},&quot;extension&quot;:&quot;.webp&quot;},&quot;18100692692013182&quot;:{&quot;id&quot;:&quot;788666280_1098638752833413_6400415405100796213_n&quot;,&quot;ratio&quot;:&quot;0.56&quot;,&quot;sizes&quot;:{&quot;full&quot;:640,&quot;low&quot;:320,&quot;thumb&quot;:150},&quot;extension&quot;:&quot;.webp&quot;}}\">\n\t<\/span>\n\t<\/div>\n\n[\/et_pb_text][\/et_pb_column][\/et_pb_row][et_pb_row column_structure=\u00bb1_4,1_4,1_4,1_4&#8243; disabled_on=\u00bbon|on|on\u00bb _builder_version=\u00bb4.16&#8243; width=\u00bb75%\u00bb max_width=\u00bb75%\u00bb custom_padding=\u00bb0px||50px|\u00bb use_custom_width=\u00bbon\u00bb width_unit=\u00bboff\u00bb custom_width_percent=\u00bb75%\u00bb disabled=\u00bbon\u00bb global_colors_info=\u00bb{}\u00bb][et_pb_column type=\u00bb1_4&#8243; _builder_version=\u00bb4.16&#8243; custom_padding=\u00bb|||\u00bb global_colors_info=\u00bb{}\u00bb custom_padding__hover=\u00bb|||\u00bb][et_pb_text admin_label=\u00bbIMG Donuts\u00bb _builder_version=\u00bb4.16&#8243; global_colors_info=\u00bb{}\u00bb]<img loading=\"lazy\" decoding=\"async\" class=\"aligncenter wp-image-86 size-medium\" src=\"https:\/\/mauricicot.com\/wp-content\/uploads\/2020\/07\/pile-of-doughnuts-1407346-300x200.jpg\" alt=\"\" width=\"300\" height=\"200\" \/><br \/>\n[\/et_pb_text][\/et_pb_column][et_pb_column type=\u00bb1_4&#8243; _builder_version=\u00bb4.16&#8243; custom_padding=\u00bb|||\u00bb global_colors_info=\u00bb{}\u00bb custom_padding__hover=\u00bb|||\u00bb][et_pb_text admin_label=\u00bbIMG Miel\u00bb _builder_version=\u00bb4.16&#8243; global_colors_info=\u00bb{}\u00bb]<img loading=\"lazy\" decoding=\"async\" class=\"aligncenter wp-image-87 size-medium\" src=\"https:\/\/mauricicot.com\/wp-content\/uploads\/2020\/07\/honey-on-white-bowl-33260-300x200.jpg\" alt=\"\" width=\"300\" height=\"200\" \/><br \/>\n[\/et_pb_text][\/et_pb_column][et_pb_column type=\u00bb1_4&#8243; _builder_version=\u00bb4.16&#8243; custom_padding=\u00bb|||\u00bb global_colors_info=\u00bb{}\u00bb custom_padding__hover=\u00bb|||\u00bb][et_pb_text admin_label=\u00bbIMG Brazo\u00bb _builder_version=\u00bb4.16&#8243; global_colors_info=\u00bb{}\u00bb]<img loading=\"lazy\" decoding=\"async\" class=\"aligncenter wp-image-565 size-full\" src=\"https:\/\/mauricicot.com\/wp-content\/uploads\/2020\/09\/brazo-300x169-1.png\" alt=\"\" width=\"300\" height=\"200\" \/><br \/>\n[\/et_pb_text][\/et_pb_column][et_pb_column type=\u00bb1_4&#8243; _builder_version=\u00bb4.16&#8243; custom_padding=\u00bb|||\u00bb global_colors_info=\u00bb{}\u00bb custom_padding__hover=\u00bb|||\u00bb][et_pb_text admin_label=\u00bbIMG Pastel\u00bb _builder_version=\u00bb4.16&#8243; global_colors_info=\u00bb{}\u00bb]<img loading=\"lazy\" decoding=\"async\" class=\"aligncenter wp-image-89 size-full\" src=\"https:\/\/mauricicot.com\/wp-content\/uploads\/2020\/07\/descarga.jpg\" alt=\"\" width=\"275\" height=\"183\" \/><br \/>\n[\/et_pb_text][\/et_pb_column][\/et_pb_row][\/et_pb_section]<\/p>\n","protected":false},"excerpt":{"rendered":"<p>Pasteler\u00eda inclusiva para compartir en familia. _AHORA TAMBI\u00c9N&#8230; pan artesano hecho por nosotros! &nbsp; Nuestro pan es 100\u202f% natural: sin aditivos ni mejorantes panarios.Lo elaboramos con masa madre para conseguir un pan m\u00e1s arom\u00e1tico, m\u00e1s digestivo, con un \u00edndice gluc\u00e9mico m\u00e1s bajo y que se conserva fresco durante m\u00e1s d\u00edas. Utilizamos harinas naturales de [&hellip;]<\/p>\n","protected":false},"author":143,"featured_media":0,"parent":0,"menu_order":0,"comment_status":"closed","ping_status":"closed","template":"","meta":{"_et_pb_use_builder":"on","_et_pb_old_content":"<p>[et_pb_section fb_built=\"1\" _builder_version=\"3.22\" background_color=\"#f9f7f4\"][et_pb_row column_structure=\"1_2,1_2\" module_id=\"banner\" _builder_version=\"3.25\"][et_pb_column type=\"1_2\" _builder_version=\"3.0.47\" custom_padding=\"|||\" custom_padding__hover=\"|||\"][et_pb_text admin_label=\"benvinguts\" _builder_version=\"4.6.6\" header_2_font_size=\"52px\" text_font_size_tablet=\"\" text_font_size_phone=\"\" text_font_size_last_edited=\"on|phone\" header_2_font_size_tablet=\"42px\" header_2_font_size_phone=\"38px\" header_2_font_size_last_edited=\"on|phone\"]<\/p><h2 class=\"banner-title\" style=\"font-family: rufina-bold;\">Benvinguts a la NOVA WEB de Maurici Cot amb BOTIGA ONLINE<\/h2><p>T'expliquem com comprar m\u00e9s avall<\/p><p>[\/et_pb_text][\/et_pb_column][et_pb_column type=\"1_2\" _builder_version=\"3.0.47\" custom_padding=\"|||\" custom_padding__hover=\"|||\"][et_pb_text admin_label=\"Imagen\" _builder_version=\"4.6.6\"]<\/p><p><!--<img class=\"aligncenter wp-image-1786 size-large\" src=\"https:\/\/mauricicot.com\/wp-content\/uploads\/2020\/08\/imatges_WEB-Maurici-Cot-04-1024x407.png\" alt=\"\" width=\"1024\" height=\"407\">--><\/p><div>[smartslider3 slider=\"2\"]<\/div><p>[\/et_pb_text][\/et_pb_column][\/et_pb_row][\/et_pb_section][et_pb_section fb_built=\"1\" _builder_version=\"3.22\" custom_padding=\"0px||0px|\"][et_pb_row column_structure=\"1_2,1_2\" module_id=\"video-texto\" _builder_version=\"3.25\" max_width=\"80%\" use_custom_width=\"on\" width_unit=\"off\"][et_pb_column type=\"1_2\" _builder_version=\"3.0.47\" custom_padding=\"|||\" custom_padding__hover=\"|||\"][et_pb_text admin_label=\"_I ARA TAMB\u00c9\" module_id=\"pasos-compra\" _builder_version=\"4.6.6\" custom_padding=\"50px|50px|50px|20px\"]<\/p><h2 style=\"margin: 0px; color: #cfa789; font-family: 'poppins-regular';\">_ARA TAMB\u00c9...<\/h2><div style=\"font-size: 34px; font-family: 'rufina-bold'; line-height: 34px;\">pots comprar online!<\/div><p>\u00a0<\/p><div style=\"font-family: 'poppins-regular';\">Tots els articles es poden comprar online i recollir a l\u2019obrador de Llinars del Vall\u00e8s o a la botiga de Vic. Per\u00f2 no tots es poden enviar a domicili. <strong>Nom\u00e9s es poden enviar els productes que disposen de la icona de transport remarcada<\/strong>.<\/div><div style=\"font-family: 'poppins-regular';\">1. Des de l'apartat productes busca les teves elaboracions preferides i afegeix-les a la cistella, escollint entre les diverses opcions de qu\u00e8 disposa cada article; quantitat i format en el cas dels pastissos.<\/div><div style=\"font-family: 'poppins-regular';\">2. Selecciona l'opci\u00f3 de recollida a la botiga o enviament (nom\u00e9s si tots els productes es poden enviar a domicili).<\/div><div style=\"font-family: 'poppins-regular';\">3. Confirma la teva comanda seleccionant el m\u00e8tode de pagament.<\/div><div style=\"font-family: 'poppins-regular';\">4. Si\u00a0 seleccioneu l'opci\u00f3 de recollida a la botiga, podeu passar a recollir la vostra comanda a partir del segon dia d'haver-la fet, sempre en horari comercial segons cada botiga.<\/div><div style=\"font-family: 'poppins-regular';\">Enviaments a Pen\u00ednsula i Portugal. Per enviaments a Balears, Can\u00e0ries i Andorra contacteu amb nosaltres per email.<\/div><p>[\/et_pb_text][\/et_pb_column][et_pb_column type=\"1_2\" _builder_version=\"3.0.47\" custom_padding=\"|||\" custom_padding__hover=\"|||\"][et_pb_text admin_label=\"_PASTISSERIA I POSTRES\" module_id=\"pastiseria-postres\" _builder_version=\"3.27.4\" custom_padding=\"50px|50px|50px|20px\"]<\/p><h2 style=\"margin: 0px; color: #cfa789; font-family: 'poppins-regular';\">_PASTISSERIA I POSTRES<\/h2><div style=\"font-size: 34px; font-family: 'rufina-bold'; line-height: 34px;\">sense gluten ni lactosa<\/div><p>\u00a0<\/p><div style=\"font-family: 'poppins-regular';\">Som una empresa familiar amb un equip de professionals dedicats a atendre a persones que, degut a la mala absorci\u00f3 del gluten o a una intoler\u00e0ncia a la lactosa, no poden consumir productes que trobem de manera quotidiana a la nostra alimentaci\u00f3.<\/div><div style=\"font-family: 'poppins-regular';\">Conscients d\u2019aquests nous canvis en la dieta, volem que el client pugui gaudir dels mateixos productes que ens envolten sense la preocupaci\u00f3 de veure afectat el propi organisme. Volem satisfer aquesta necessitat, donant el millor servei i la millor garantia al nostre client. Tenim un obrador absent al 100% de gluten i de lactosa, incl\u00fas en les traces. <strong>Garantim un producte sense contaminaci\u00f3 creuada.<\/strong><\/div><p>[\/et_pb_text][\/et_pb_column][\/et_pb_row][et_pb_row module_id=\"panallets\" _builder_version=\"4.6.6\" background_image=\"https:\/\/mauricicot.com\/wp-content\/uploads\/2020\/11\/Tall-Torrons1-web.jpg\" background_position=\"bottom_center\" width=\"100%\" max_width=\"100%\" custom_margin=\"||0px|\" custom_padding=\"0px||0px|\" use_custom_width=\"on\" width_unit=\"off\" custom_width_percent=\"100%\"][et_pb_column type=\"4_4\" _builder_version=\"3.0.47\" custom_padding=\"|||\" custom_padding__hover=\"|||\"][et_pb_text admin_label=\"EL NOSTRE COMPROM\u00cdS \u00c9S LA RA\u00d3 DE SER\" module_id=\"compromis\" _builder_version=\"3.27.4\"]<\/p><p style=\"text-align: center; color: #cfa789; font-size: 25px; font-family: 'poppins-bold';\"><strong>EL NOSTRE COMPROM\u00cdS \u00c9S LA RA\u00d3 DE SER<\/strong><\/p><p style=\"text-align: center; color: #ffffff; font-family: 'rufina-regular'; font-size: 22px;\"><strong>Entenem i donem a con\u00e8ixer aquest nou concepte de pastisseria lliure de gluten i lactosa<\/strong><\/p><p style=\"text-align: center; color: #ffffff; font-family: 'rufina-regular'; font-size: 22px;\"><strong>I ho fem, perqu\u00e8 el teu desig es pugui fer realitat<\/strong><\/p><p>[\/et_pb_text][\/et_pb_column][\/et_pb_row][et_pb_row _builder_version=\"3.25\" custom_padding=\"||0px|\"][et_pb_column type=\"4_4\" _builder_version=\"3.0.47\" custom_padding=\"|||\" custom_padding__hover=\"|||\"][et_pb_text admin_label=\"Qu\u00e8 oferim?\" _builder_version=\"4.6.6\"]<\/p><h2 style=\"text-align: center; font-family: 'rufina-bold';\">Qu\u00e8 oferim?<\/h2><p>\u00a0<\/p><p>\u00a0<\/p><p>[\/et_pb_text][\/et_pb_column][\/et_pb_row][et_pb_row column_structure=\"1_2,1_2\" _builder_version=\"3.25\" custom_padding=\"0px|||\"][et_pb_column type=\"1_2\" _builder_version=\"3.25\" custom_padding=\"|||\" custom_padding__hover=\"|||\"][et_pb_text disabled_on=\"on|on|on\" admin_label=\"IMG Nadal 2020\" module_class=\"img-redondas\" _builder_version=\"4.6.6\" disabled=\"on\"]<a href=\"https:\/\/mauricicot.com\/nadal-2020\/\"><img class=\"aligncenter wp-image-422 size-full\" src=\"https:\/\/mauricicot.com\/wp-content\/uploads\/2020\/10\/nadal_home.jpg\" alt=\"\" width=\"335\" height=\"335\" \/><\/a>[\/et_pb_text][et_pb_text admin_label=\"Serveis de restauraci\u00f3\" _builder_version=\"4.6.6\"]<\/p><h2 style=\"text-align: center; color: #cfa789; font-family: 'poppins-regular';\">SERVEIS A RESTAURACI\u00d3 I ESDEVENIMENTS<\/h2><p style=\"text-align: left; font-family: 'poppins-regular';\">Distribu\u00efm al sector de la restauraci\u00f3; hotels, restaurants, cafeteries, c\u00e0terings... Oferim un ampli ventall de productes per complaure el vostre client i garantim l'abs\u00e8ncia de gluten i de lactosa al 100%.<\/p><p>[\/et_pb_text][et_pb_text disabled_on=\"on|on|on\" admin_label=\"IMG Rebosteria i Brioixeria\" module_class=\"img-redondas\" _builder_version=\"4.6.6\" disabled=\"on\"]<a href=\"https:\/\/mauricicot.com\/rebosteria\/\"><img class=\"aligncenter wp-image-420 size-full\" src=\"https:\/\/mauricicot.com\/wp-content\/uploads\/2020\/10\/rebosteria_home.jpg\" alt=\"\" width=\"336\" height=\"335\" \/><\/a>[\/et_pb_text][et_pb_text admin_label=\"Servei a domicili\" _builder_version=\"4.6.6\"]<\/p><h2 style=\"text-align: center; color: #cfa789; font-family: 'poppins-regular';\">SERVEI A DOMICILI<\/h2><p style=\"text-align: left; font-family: 'poppins-regular';\">Des de la web podeu adquirir les nostres elaboracions de brioixeria i xocolateria aix\u00ed com farines i altres productes. Podeu fer la vostra comanda i una ag\u00e8ncia de transport us la far\u00e0 arribar a casa. No enviem pastissos per la fragilitat del producte i perqu\u00e8 no podem garantir l'entrega en perfecte estat.<\/p><p>[\/et_pb_text][\/et_pb_column][et_pb_column type=\"1_2\" _builder_version=\"3.25\" custom_padding=\"|||\" custom_padding__hover=\"|||\"][et_pb_text disabled_on=\"on|on|on\" admin_label=\"IMG Pastisseria\" module_class=\"img-redondas\" _builder_version=\"4.6.6\" disabled=\"on\"]<a href=\"https:\/\/mauricicot.com\/pastissos-classics\/\"><img class=\"aligncenter wp-image-421 size-full\" src=\"https:\/\/mauricicot.com\/wp-content\/uploads\/2020\/10\/pastisseria_home.jpg\" alt=\"\" width=\"335\" height=\"335\" \/><\/a>[\/et_pb_text][et_pb_text admin_label=\"Botigues\" _builder_version=\"4.6.6\" hover_enabled=\"0\" sticky_enabled=\"0\"]<\/p><h2 style=\"text-align: center; color: #cfa789; font-family: 'poppins-regular';\">BOTIGUES<\/h2><p style=\"text-align: left; font-family: 'poppins-regular';\">Ens podeu trobar a l'obrador de Llinars del Vall\u00e8s, on disposem de venta al detall. Recomanem encarregar els pastissos per tel\u00e8fon, tot i que normalment en tenim en stock.<\/p><p>[\/et_pb_text][et_pb_text disabled_on=\"on|on|on\" admin_label=\"IMG Xocolata\" module_class=\"img-redondas\" _builder_version=\"4.6.6\" disabled=\"on\"]<a href=\"https:\/\/mauricicot.com\/xocolata\/\"><img class=\"aligncenter wp-image-419 size-full\" src=\"https:\/\/mauricicot.com\/wp-content\/uploads\/2020\/10\/xocolata_home.jpg\" alt=\"\" width=\"336\" height=\"335\" \/><\/a>[\/et_pb_text][et_pb_text admin_label=\"Assessorament\" _builder_version=\"4.6.6\"]<\/p><h2 style=\"text-align: center; color: #cfa789; font-family: 'poppins-regular';\">ASSESSORAMENT T\u00c8CNIC<\/h2><p style=\"text-align: left; font-family: 'poppins-regular';\">Oferim consultories per a professionals del sector en t\u00e8cniques de pastisseria sense gluten i sense lactosa. Tamb\u00e9 fem xerrades a escoles de cuina i pastisseria per donar a con\u00e8ixer el m\u00f3n de la pastisseria inclusiva i totes les possibilitats que hi ha en aquest segment de negoci.<\/p><p>[\/et_pb_text][\/et_pb_column][\/et_pb_row][et_pb_row module_id=\"envios-home\" _builder_version=\"3.25\" background_color=\"#cfa789\" width=\"100%\" max_width=\"100%\" custom_margin=\"||0px|\" custom_padding=\"0px||0px|\" use_custom_width=\"on\" width_unit=\"off\" custom_width_percent=\"100%\"][et_pb_column type=\"4_4\" _builder_version=\"3.0.47\" custom_padding=\"|||\" custom_padding__hover=\"|||\"][et_pb_text disabled_on=\"on|on|off\" admin_label=\"IMG de atenem i venem directament\" _builder_version=\"3.27.4\" custom_padding=\"20px||10px|\"]<img class=\"aligncenter wp-image-1783 size-full\" src=\"https:\/\/mauricicot.com\/wp-content\/uploads\/2020\/08\/imatges_WEB-Maurici-Cot-06.png\" alt=\"\" width=\"4000\" height=\"672\" \/><br \/>[\/et_pb_text][\/et_pb_column][\/et_pb_row][et_pb_row module_id=\"envios-home\" _builder_version=\"3.25\" background_color=\"#cfa789\" width=\"100%\" max_width=\"100%\" custom_margin=\"||0px|\" custom_padding=\"0px||0px|\" use_custom_width=\"on\" width_unit=\"off\" custom_width_percent=\"100%\"][et_pb_column type=\"4_4\" _builder_version=\"3.0.47\" custom_padding=\"|||\" custom_padding__hover=\"|||\"][et_pb_text disabled_on=\"off|off|on\" admin_label=\"IMG de atenem i venem directament - Atenem enc\u00e0rrecs Tienda\" _builder_version=\"3.27.4\" custom_padding=\"20px||10px|\"]<img class=\"aligncenter wp-image-1784 size-full\" src=\"https:\/\/mauricicot.com\/wp-content\/uploads\/2020\/08\/imatges_WEB-Maurici-Cot-08.png\" alt=\"\" width=\"4000\" height=\"907\" \/><br \/>[\/et_pb_text][et_pb_text disabled_on=\"off|off|on\" admin_label=\"IMG de atenem i venem directament - Atenem enc\u00e0rrecs Reparto\" _builder_version=\"3.27.4\" custom_padding=\"10px||20px|\"]<img class=\"aligncenter wp-image-1785 size-full\" src=\"https:\/\/mauricicot.com\/wp-content\/uploads\/2020\/08\/imatges_WEB-Maurici-Cot-09.png\" alt=\"\" width=\"4000\" height=\"907\" \/><br \/>[\/et_pb_text][\/et_pb_column][\/et_pb_row][et_pb_row _builder_version=\"3.25\" custom_padding=\"50px|||\"][et_pb_column type=\"4_4\" _builder_version=\"3.0.47\" custom_padding=\"|||\" custom_padding__hover=\"|||\"][et_pb_text admin_label=\"Segueix-nos i endolcirem el teu dia!\" _builder_version=\"3.27.4\"]<\/p><h3 style=\"text-align: center; color: #cfa789; font-family: 'poppins-regular';\"><img class=\"alignnone size-full wp-image-1753 aligncenter\" src=\"https:\/\/mauricicot.com\/wp-content\/uploads\/2020\/07\/sobre-fons-FOSC_INSTAGRAM_WEB-Maurici-Cot.png\" alt=\"\" width=\"30\" height=\"34\" \/>INSTAGRAM<\/h3><h3 style=\"text-align: center; font-family: 'rufina-bold';\">Segueix-nos i endolcirem el teu dia!<\/h3><p>[\/et_pb_text][\/et_pb_column][\/et_pb_row][et_pb_row _builder_version=\"4.6.6\" _module_preset=\"default\"][et_pb_column type=\"4_4\" _builder_version=\"4.6.6\" _module_preset=\"default\"][et_pb_text admin_label=\"Instagram\" _builder_version=\"4.6.6\" _module_preset=\"default\"][instagram-feed][\/et_pb_text][\/et_pb_column][\/et_pb_row][et_pb_row column_structure=\"1_4,1_4,1_4,1_4\" disabled_on=\"on|on|on\" _builder_version=\"3.25\" width=\"75%\" max_width=\"75%\" custom_padding=\"0px||50px|\" use_custom_width=\"on\" width_unit=\"off\" custom_width_percent=\"75%\" disabled=\"on\"][et_pb_column type=\"1_4\" _builder_version=\"3.0.47\" custom_padding=\"|||\" custom_padding__hover=\"|||\"][et_pb_text admin_label=\"IMG Donuts\" _builder_version=\"3.27.4\"]<img class=\"aligncenter wp-image-1761 size-medium\" src=\"https:\/\/mauricicot.com\/wp-content\/uploads\/2020\/07\/pile-of-doughnuts-1407346-300x200.jpg\" alt=\"\" width=\"300\" height=\"200\" \/><br \/>[\/et_pb_text][\/et_pb_column][et_pb_column type=\"1_4\" _builder_version=\"3.0.47\" custom_padding=\"|||\" custom_padding__hover=\"|||\"][et_pb_text admin_label=\"IMG Miel\" _builder_version=\"3.27.4\"]<img class=\"aligncenter wp-image-1762 size-medium\" src=\"https:\/\/mauricicot.com\/wp-content\/uploads\/2020\/07\/honey-on-white-bowl-33260-300x200.jpg\" alt=\"\" width=\"300\" height=\"200\" \/><br \/>[\/et_pb_text][\/et_pb_column][et_pb_column type=\"1_4\" _builder_version=\"3.0.47\" custom_padding=\"|||\" custom_padding__hover=\"|||\"][et_pb_text admin_label=\"IMG Brazo\" _builder_version=\"3.27.4\"]<img class=\"aligncenter wp-image-565 size-full\" src=\"https:\/\/mauricicot.com\/wp-content\/uploads\/2020\/09\/brazo-300x169-1.png\" alt=\"\" width=\"300\" height=\"200\" \/><br \/>[\/et_pb_text][\/et_pb_column][et_pb_column type=\"1_4\" _builder_version=\"3.0.47\" custom_padding=\"|||\" custom_padding__hover=\"|||\"][et_pb_text admin_label=\"IMG Pastel\" _builder_version=\"3.27.4\"]<img class=\"aligncenter wp-image-1764 size-full\" src=\"https:\/\/mauricicot.com\/wp-content\/uploads\/2020\/07\/descarga.jpg\" alt=\"\" width=\"275\" height=\"183\" \/><br \/>[\/et_pb_text][\/et_pb_column][\/et_pb_row][\/et_pb_section]<\/p>","_et_gb_content_width":"","footnotes":""},"class_list":["post-1750","page","type-page","status-publish","hentry"],"_links":{"self":[{"href":"https:\/\/mauricicot.com\/es\/wp-json\/wp\/v2\/pages\/1750","targetHints":{"allow":["GET"]}}],"collection":[{"href":"https:\/\/mauricicot.com\/es\/wp-json\/wp\/v2\/pages"}],"about":[{"href":"https:\/\/mauricicot.com\/es\/wp-json\/wp\/v2\/types\/page"}],"author":[{"embeddable":true,"href":"https:\/\/mauricicot.com\/es\/wp-json\/wp\/v2\/users\/143"}],"replies":[{"embeddable":true,"href":"https:\/\/mauricicot.com\/es\/wp-json\/wp\/v2\/comments?post=1750"}],"version-history":[{"count":58,"href":"https:\/\/mauricicot.com\/es\/wp-json\/wp\/v2\/pages\/1750\/revisions"}],"predecessor-version":[{"id":5690,"href":"https:\/\/mauricicot.com\/es\/wp-json\/wp\/v2\/pages\/1750\/revisions\/5690"}],"wp:attachment":[{"href":"https:\/\/mauricicot.com\/es\/wp-json\/wp\/v2\/media?parent=1750"}],"curies":[{"name":"wp","href":"https:\/\/api.w.org\/{rel}","templated":true}]}}